{"id":62,"date":"2020-03-09T13:43:16","date_gmt":"2020-03-09T12:43:16","guid":{"rendered":"http:\/\/linemagnen.com\/?page_id=62"},"modified":"2025-10-23T21:39:05","modified_gmt":"2025-10-23T19:39:05","slug":"actualites","status":"publish","type":"page","link":"https:\/\/linemagnen.com\/index.php\/actualites\/","title":{"rendered":"ACTUALITES SOPHROLOGIE ASSO 76-27"},"content":{"rendered":"<p>[et_pb_section fb_built=\u00a0\u00bb1&Prime; _builder_version=\u00a0\u00bb4.4.0&Prime;][et_pb_row _builder_version=\u00a0\u00bb4.9.4&Prime; _module_preset=\u00a0\u00bbdefault\u00a0\u00bb][et_pb_column type=\u00a0\u00bb4_4&Prime; _builder_version=\u00a0\u00bb4.9.4&Prime; _module_preset=\u00a0\u00bbdefault\u00a0\u00bb][et_pb_text _builder_version=\u00a0\u00bb4.9.4&Prime; _module_preset=\u00a0\u00bbdefault\u00a0\u00bb text_text_color=\u00a0\u00bb#0C71C3&Prime;]<\/p>\n<h2 style=\"text-align: center;\"><\/h2>\n<p>[\/et_pb_text][\/et_pb_column][\/et_pb_row][et_pb_row _builder_version=\u00a0\u00bb4.9.4&Prime; _module_preset=\u00a0\u00bbdefault\u00a0\u00bb][et_pb_column type=\u00a0\u00bb4_4&Prime; _builder_version=\u00a0\u00bb4.9.4&Prime; _module_preset=\u00a0\u00bbdefault\u00a0\u00bb][et_pb_text _builder_version=\u00a0\u00bb4.9.4&Prime; _module_preset=\u00a0\u00bbdefault\u00a0\u00bb]<\/p>\n<h1><span style=\"color: #0000ff;\"><strong>\u00a0 \u00a0 \u00a0 \u00a0 \u00a0 \u00a0 \u00a0 \u00a0 \u00a0 \u00a0 \u00a0 \u00a0 \u00a0 \u00a0 \u00a0 \u00a0 \u00a0 \u00a0 \u00a0 \u00a0 \u00a0 \u00a0 \u00a0 \u00a0 \u00a0 \u00a0 \u00a0 \u00a0 \u00a0ACTUALITES <\/strong><\/span><\/h1>\n<h1 style=\"text-align: center;\"><span style=\"color: #0000ff;\"><strong>SOPHROLOGIE ASSO 76-27 ROUEN<\/strong><\/span><\/h1>\n<p><span style=\"color: #0000ff;\"><strong><\/strong><\/span><\/p>\n<p>[\/et_pb_text][\/et_pb_column][\/et_pb_row][et_pb_row _builder_version=\u00a0\u00bb4.9.4&Prime; _module_preset=\u00a0\u00bbdefault\u00a0\u00bb][et_pb_column type=\u00a0\u00bb4_4&Prime; _builder_version=\u00a0\u00bb4.9.4&Prime; _module_preset=\u00a0\u00bbdefault\u00a0\u00bb][et_pb_text _builder_version=\u00a0\u00bb4.9.4&Prime; _module_preset=\u00a0\u00bbdefault\u00a0\u00bb]<\/p>\n<h2 style=\"text-align: center;\">Les activit\u00e9s et actualit\u00e9s de SOPHROLOGIE ASSO 76-27 (ateliers, stages, \u00e9v\u00e8nements&#8230;) sont affich\u00e9es au fur et \u00e0 mesure de la saison 2025\/2026.<\/h2>\n<h2 style=\"text-align: center;\">N&rsquo;h\u00e9sitez pas \u00e0 consulter r\u00e9guli\u00e8rement notre site<\/h2>\n<p>[\/et_pb_text][\/et_pb_column][\/et_pb_row][et_pb_row column_structure=\u00a0\u00bb1_3,1_3,1_3&Prime; _builder_version=\u00a0\u00bb4.9.4&Prime; _module_preset=\u00a0\u00bbdefault\u00a0\u00bb][et_pb_column type=\u00a0\u00bb1_3&Prime; _builder_version=\u00a0\u00bb4.9.4&Prime; _module_preset=\u00a0\u00bbdefault\u00a0\u00bb][et_pb_text _builder_version=\u00a0\u00bb4.9.4&Prime; _module_preset=\u00a0\u00bbdefault\u00a0\u00bb]<\/p>\n<p>&nbsp;<\/p>\n<p>&nbsp;<\/p>\n<p>&nbsp;<\/p>\n<h2 style=\"text-align: center;\">Dans le cadre de la semaine internationale de la sophrologie du 17 au 23 novembre 2025,<\/h2>\n<h2 style=\"text-align: center;\">2 ateliers collectifs sont propos\u00e9s et offerts par SOPHROLOGIE ASSO 76-27.<\/h2>\n<h2 style=\"text-align: center;\">Alors venez \u00e0 la rencontre de la sophrologie pour \u00ab\u00a0L\u00e2cher prise et positiver\u00a0\u00bb<\/h2>\n<p>[\/et_pb_text][\/et_pb_column][et_pb_column type=\u00a0\u00bb1_3&Prime; _builder_version=\u00a0\u00bb4.9.4&Prime; _module_preset=\u00a0\u00bbdefault\u00a0\u00bb][et_pb_image src=\u00a0\u00bbhttps:\/\/linemagnen.com\/wp-content\/uploads\/2025\/09\/20250821_152901-scaled.jpg\u00a0\u00bb title_text=\u00a0\u00bb20250821_152901&Prime; _builder_version=\u00a0\u00bb4.9.4&Prime; _module_preset=\u00a0\u00bbdefault\u00a0\u00bb][\/et_pb_image][\/et_pb_column][et_pb_column type=\u00a0\u00bb1_3&Prime; _builder_version=\u00a0\u00bb4.9.4&Prime; _module_preset=\u00a0\u00bbdefault\u00a0\u00bb][et_pb_text _builder_version=\u00a0\u00bb4.9.4&Prime; _module_preset=\u00a0\u00bbdefault\u00a0\u00bb]<\/p>\n<h2 style=\"text-align: center;\"><\/h2>\n<h2 style=\"text-align: center;\"><\/h2>\n<h2 style=\"text-align: center;\"><\/h2>\n<h2 style=\"text-align: center;\"><\/h2>\n<h2 style=\"text-align: center;\"><\/h2>\n<h2 style=\"text-align: center;\"><\/h2>\n<h2 style=\"text-align: center;\"><\/h2>\n<h2 style=\"text-align: center;\"><\/h2>\n<h2 style=\"text-align: center;\"><\/h2>\n<h2 style=\"text-align: center;\"><\/h2>\n<h2 style=\"text-align: center;\"><\/h2>\n<h2 style=\"text-align: center;\"><\/h2>\n<h2 style=\"text-align: center;\">L&rsquo;inscription \u00e0 nos ateliers est obligatoire.<\/h2>\n<p>&nbsp;<\/p>\n<h3 style=\"text-align: center;\">Vous pouvez envoyer un mail \u00e0 <a href=\"mailto:sophrologieasso7627@gmail.com\">sophrologieasso7627@gmail.com<\/a><\/h3>\n<h3 style=\"text-align: center;\">Nous vous confirmerons votre inscription en retour<\/h3>\n<p>[\/et_pb_text][\/et_pb_column][\/et_pb_row][et_pb_row column_structure=\u00a0\u00bb1_3,1_3,1_3&Prime; _builder_version=\u00a0\u00bb4.9.4&Prime; _module_preset=\u00a0\u00bbdefault\u00a0\u00bb][et_pb_column type=\u00a0\u00bb1_3&Prime; _builder_version=\u00a0\u00bb4.9.4&Prime; _module_preset=\u00a0\u00bbdefault\u00a0\u00bb][et_pb_image src=\u00a0\u00bbhttps:\/\/linemagnen.com\/wp-content\/uploads\/2025\/08\/FB_IMG_1725042395930.jpg\u00a0\u00bb title_text=\u00a0\u00bbFB_IMG_1725042395930&Prime; _builder_version=\u00a0\u00bb4.9.4&Prime; _module_preset=\u00a0\u00bbdefault\u00a0\u00bb][\/et_pb_image][\/et_pb_column][et_pb_column type=\u00a0\u00bb1_3&Prime; _builder_version=\u00a0\u00bb4.9.4&Prime; _module_preset=\u00a0\u00bbdefault\u00a0\u00bb][et_pb_image src=\u00a0\u00bbhttps:\/\/linemagnen.com\/wp-content\/uploads\/2025\/08\/20250818_092117-1-scaled.jpg\u00a0\u00bb title_text=\u00a0\u00bb20250818_092117 (1)\u00a0\u00bb _builder_version=\u00a0\u00bb4.9.4&Prime; _module_preset=\u00a0\u00bbdefault\u00a0\u00bb][\/et_pb_image][\/et_pb_column][et_pb_column type=\u00a0\u00bb1_3&Prime; _builder_version=\u00a0\u00bb4.9.4&Prime; _module_preset=\u00a0\u00bbdefault\u00a0\u00bb][et_pb_text _builder_version=\u00a0\u00bb4.9.4&Prime; _module_preset=\u00a0\u00bbdefault\u00a0\u00bb]<\/p>\n<h2 style=\"text-align: center;\"><\/h2>\n<h2 style=\"text-align: center;\"><\/h2>\n<h2 style=\"text-align: center;\"><\/h2>\n<h2 style=\"text-align: center;\"><\/h2>\n<h2 style=\"text-align: center;\"><\/h2>\n<h2 style=\"text-align: center;\"><\/h2>\n<h2 style=\"text-align: center;\"><\/h2>\n<h2 style=\"text-align: center;\">Nos groupes pour les ateliers collectifs des mardi et jeudi sont au complet pour la saison 2025\/2026.<\/h2>\n<h2 style=\"text-align: center;\"><\/h2>\n<h2 style=\"text-align: center;\">\u00a0<\/h2>\n<h3 style=\"text-align: center;\">Vous pouvez consulter nos propositions et actualit\u00e9s sur cette page.\u00a0<\/h3>\n<p>[\/et_pb_text][et_pb_text _builder_version=\u00a0\u00bb4.9.4&Prime; _module_preset=\u00a0\u00bbdefault\u00a0\u00bb]<\/p>\n<h2><\/h2>\n<h2><\/h2>\n<h3 style=\"text-align: center;\"><\/h3>\n<p>&nbsp;<\/p>\n<p>&nbsp;<\/p>\n<p>&nbsp;<\/p>\n<h3><\/h3>\n<p>[\/et_pb_text][\/et_pb_column][\/et_pb_row][et_pb_row column_structure=\u00a0\u00bb1_6,1_6,1_6,1_6,1_6,1_6&Prime; _builder_version=\u00a0\u00bb4.9.4&Prime; _module_preset=\u00a0\u00bbdefault\u00a0\u00bb][et_pb_column type=\u00a0\u00bb1_6&Prime; _builder_version=\u00a0\u00bb4.9.4&Prime; _module_preset=\u00a0\u00bbdefault\u00a0\u00bb][et_pb_text _builder_version=\u00a0\u00bb4.9.4&Prime; _module_preset=\u00a0\u00bbdefault\u00a0\u00bb hover_enabled=\u00a0\u00bb0&Prime; sticky_enabled=\u00a0\u00bb0&Prime;]<\/p>\n<h5 style=\"text-align: center;\"><strong><\/strong><\/h5>\n<h5 style=\"text-align: center;\"><strong>Pour la 7\u00e8me ann\u00e9e, SOPHROLOGIE ASSO 76-27 \u00e9tait pr\u00e9sente au FORUM des ASSOS de la ville de Rouen le samedi 6 septembre 2025.<\/strong><\/h5>\n<p>[\/et_pb_text][\/et_pb_column][et_pb_column type=\u00a0\u00bb1_6&Prime; _builder_version=\u00a0\u00bb4.9.4&Prime; _module_preset=\u00a0\u00bbdefault\u00a0\u00bb][et_pb_image src=\u00a0\u00bbhttps:\/\/linemagnen.com\/wp-content\/uploads\/2025\/09\/20250906_195506-scaled.jpg\u00a0\u00bb title_text=\u00a0\u00bb20250906_195506&Prime; _builder_version=\u00a0\u00bb4.9.4&Prime; _module_preset=\u00a0\u00bbdefault\u00a0\u00bb][\/et_pb_image][\/et_pb_column][et_pb_column type=\u00a0\u00bb1_6&Prime; _builder_version=\u00a0\u00bb4.9.4&Prime; _module_preset=\u00a0\u00bbdefault\u00a0\u00bb][et_pb_image src=\u00a0\u00bbhttps:\/\/linemagnen.com\/wp-content\/uploads\/2025\/09\/20250906_112039-scaled.jpg\u00a0\u00bb title_text=\u00a0\u00bb20250906_112039&Prime; _builder_version=\u00a0\u00bb4.9.4&Prime; _module_preset=\u00a0\u00bbdefault\u00a0\u00bb][\/et_pb_image][\/et_pb_column][et_pb_column type=\u00a0\u00bb1_6&Prime; _builder_version=\u00a0\u00bb4.9.4&Prime; _module_preset=\u00a0\u00bbdefault\u00a0\u00bb][et_pb_text _builder_version=\u00a0\u00bb4.9.4&Prime; _module_preset=\u00a0\u00bbdefault\u00a0\u00bb hover_enabled=\u00a0\u00bb0&Prime; sticky_enabled=\u00a0\u00bb0&Prime;]<\/p>\n<h5 style=\"text-align: center;\"><\/h5>\n<h5 style=\"text-align: center;\"><\/h5>\n<h5 style=\"text-align: center;\"><\/h5>\n<h5 style=\"text-align: center;\">Merci \u00e0 Fr\u00e9d\u00e9rique (sur la photo), notre tr\u00e9sori\u00e8re, Sophie, notre secr\u00e9taire pour leur pr\u00e9sence et leur engagement b\u00e9n\u00e9vole.<\/h5>\n<h5 style=\"text-align: center;\"><\/h5>\n<h4 style=\"text-align: center;\"><\/h4>\n<p>&nbsp;<\/p>\n<p>&nbsp;<\/p>\n<p>[\/et_pb_text][\/et_pb_column][et_pb_column type=\u00a0\u00bb1_6&Prime; _builder_version=\u00a0\u00bb4.9.4&Prime; _module_preset=\u00a0\u00bbdefault\u00a0\u00bb][et_pb_image src=\u00a0\u00bbhttps:\/\/linemagnen.com\/wp-content\/uploads\/2025\/10\/forum-adherents.jpg\u00a0\u00bb _builder_version=\u00a0\u00bb4.9.4&Prime; _module_preset=\u00a0\u00bbdefault\u00a0\u00bb title_text=\u00a0\u00bbforum adh\u00e9rents\u00a0\u00bb hover_enabled=\u00a0\u00bb0&Prime; sticky_enabled=\u00a0\u00bb0&Prime; custom_margin=\u00a0\u00bb||71px|||\u00a0\u00bb][\/et_pb_image][\/et_pb_column][et_pb_column type=\u00a0\u00bb1_6&Prime; _builder_version=\u00a0\u00bb4.9.4&Prime; _module_preset=\u00a0\u00bbdefault\u00a0\u00bb][et_pb_text _builder_version=\u00a0\u00bb4.9.4&Prime; _module_preset=\u00a0\u00bbdefault\u00a0\u00bb hover_enabled=\u00a0\u00bb0&Prime; sticky_enabled=\u00a0\u00bb0&Prime;]<\/p>\n<h6 style=\"text-align: center;\">Merci \u00e0 nos adh\u00e9rents d&rsquo;avoir partager cette journ\u00e9e avec nous sur le Forum. Vos \u00e9changes et partages sur votre v\u00e9cu des pratiques sophrologiques et des changements dans votre existence avec les personnes venues \u00e0 notre rencontre sont les meilleurs gages de la force de cette belle discipline.<\/h6>\n<p>[\/et_pb_text][\/et_pb_column][\/et_pb_row][et_pb_row column_structure=\u00a0\u00bb1_3,1_3,1_3&Prime; _builder_version=\u00a0\u00bb4.9.4&Prime; _module_preset=\u00a0\u00bbdefault\u00a0\u00bb][et_pb_column type=\u00a0\u00bb1_3&Prime; _builder_version=\u00a0\u00bb4.9.4&Prime; _module_preset=\u00a0\u00bbdefault\u00a0\u00bb][et_pb_image src=\u00a0\u00bbhttps:\/\/linemagnen.com\/wp-content\/uploads\/2024\/07\/FB_IMG_1721409936983.jpg\u00a0\u00bb title_text=\u00a0\u00bbFB_IMG_1721409936983&Prime; _builder_version=\u00a0\u00bb4.9.4&Prime; _module_preset=\u00a0\u00bbdefault\u00a0\u00bb][\/et_pb_image][\/et_pb_column][et_pb_column type=\u00a0\u00bb1_3&Prime; _builder_version=\u00a0\u00bb4.9.4&Prime; _module_preset=\u00a0\u00bbdefault\u00a0\u00bb][et_pb_text _builder_version=\u00a0\u00bb4.9.4&Prime; _module_preset=\u00a0\u00bbdefault\u00a0\u00bb]<\/p>\n<h2 style=\"text-align: center;\"><\/h2>\n<h2 style=\"text-align: center;\"><\/h2>\n<h2 style=\"text-align: center;\">Nous vous souhaitons de belles vacances, de la d\u00e9tente, et de belles pratiques sophro.\u00a0<\/h2>\n<p>[\/et_pb_text][\/et_pb_column][et_pb_column type=\u00a0\u00bb1_3&Prime; _builder_version=\u00a0\u00bb4.9.4&Prime; _module_preset=\u00a0\u00bbdefault\u00a0\u00bb][et_pb_image src=\u00a0\u00bbhttps:\/\/linemagnen.com\/wp-content\/uploads\/2025\/06\/FB_IMG_1748771054863.jpg\u00a0\u00bb title_text=\u00a0\u00bbFB_IMG_1748771054863&Prime; _builder_version=\u00a0\u00bb4.9.4&Prime; _module_preset=\u00a0\u00bbdefault\u00a0\u00bb][\/et_pb_image][\/et_pb_column][\/et_pb_row][et_pb_row column_structure=\u00a0\u00bb1_2,1_2&Prime; _builder_version=\u00a0\u00bb4.9.4&Prime; _module_preset=\u00a0\u00bbdefault\u00a0\u00bb][et_pb_column type=\u00a0\u00bb1_2&Prime; _builder_version=\u00a0\u00bb4.9.4&Prime; _module_preset=\u00a0\u00bbdefault\u00a0\u00bb][et_pb_text _builder_version=\u00a0\u00bb4.9.4&Prime; _module_preset=\u00a0\u00bbdefault\u00a0\u00bb]<\/p>\n<h1 style=\"text-align: center;\"><\/h1>\n<p>&nbsp;<\/p>\n<h1 style=\"text-align: center;\"><strong>SEANCE DECOUVERTE DE LA SOPHROLOGIE<\/strong><\/h1>\n<p>&nbsp;<\/p>\n<h2 style=\"text-align: center;\"><em>Dimanche 29 juin 2025<\/em><\/h2>\n<h2 style=\"text-align: center;\"><em>de 10h \u00e0 11h30<\/em><\/h2>\n<p>&nbsp;<\/p>\n<h2><em><span style=\"text-decoration: underline;\">Th\u00e8me<\/span><\/em> : LACHER PRISE ET SE PROJETER POSITIVEMENT<\/h2>\n<h2><span style=\"text-decoration: underline;\"><em>Lieu<\/em><\/span>\u00a0: Cloitre des P\u00e9nitents<\/h2>\n<h2>8 All\u00e9e Daniel Lavall\u00e9e 76000 Rouen<\/h2>\n<h2 style=\"text-align: left;\">Inscription n\u00e9cessaire sur <a href=\"mailto:sophrologieasso7627@gmail.com\">sophrologieasso7627@gmail.com<\/a><\/h2>\n<h2 style=\"text-align: left;\">Nombre de places limit\u00e9es \u00e0 10 personnes<\/h2>\n<p>&nbsp;<\/p>\n<p>&nbsp;<\/p>\n<p>&nbsp;<\/p>\n<p>&nbsp;<\/p>\n<p>&nbsp;<\/p>\n<p>[\/et_pb_text][\/et_pb_column][et_pb_column type=\u00a0\u00bb1_2&Prime; _builder_version=\u00a0\u00bb4.9.4&Prime; _module_preset=\u00a0\u00bbdefault\u00a0\u00bb][et_pb_image src=\u00a0\u00bbhttps:\/\/linemagnen.com\/wp-content\/uploads\/2021\/09\/pause-scaled.jpg\u00a0\u00bb title_text=\u00a0\u00bbpause\u00a0\u00bb _builder_version=\u00a0\u00bb4.9.4&Prime; _module_preset=\u00a0\u00bbdefault\u00a0\u00bb][\/et_pb_image][\/et_pb_column][\/et_pb_row][et_pb_row column_structure=\u00a0\u00bb1_3,1_3,1_3&Prime; _builder_version=\u00a0\u00bb4.9.4&Prime; _module_preset=\u00a0\u00bbdefault\u00a0\u00bb][et_pb_column type=\u00a0\u00bb1_3&Prime; _builder_version=\u00a0\u00bb4.9.4&Prime; _module_preset=\u00a0\u00bbdefault\u00a0\u00bb][et_pb_image src=\u00a0\u00bbhttps:\/\/linemagnen.com\/wp-content\/uploads\/2025\/05\/FB_IMG_1744796136865-3.jpg\u00a0\u00bb title_text=\u00a0\u00bbFB_IMG_1744796136865 (3)\u00a0\u00bb _builder_version=\u00a0\u00bb4.9.4&Prime; _module_preset=\u00a0\u00bbdefault\u00a0\u00bb][\/et_pb_image][\/et_pb_column][et_pb_column type=\u00a0\u00bb1_3&Prime; _builder_version=\u00a0\u00bb4.9.4&Prime; _module_preset=\u00a0\u00bbdefault\u00a0\u00bb][et_pb_text _builder_version=\u00a0\u00bb4.9.4&Prime; _module_preset=\u00a0\u00bbdefault\u00a0\u00bb]<\/p>\n<h1 style=\"text-align: center;\"><\/h1>\n<h1 style=\"text-align: center;\"><\/h1>\n<h1 style=\"text-align: center;\"><\/h1>\n<h1 style=\"text-align: center;\">27 JUIN 2025<\/h1>\n<p>&nbsp;<\/p>\n<h1 style=\"text-align: center;\">SOIREE DE FIN DE SAISON 2024\/2025<\/h1>\n<h1 style=\"text-align: center;\">SOPHROLOGIE ASSO76-27 OFFRE A SES ADHERENTS UN APERO DINATOIRE<\/h1>\n<h1 style=\"text-align: center;\"><\/h1>\n<h1 style=\"text-align: center;\"><\/h1>\n<h1 style=\"text-align: center;\"><\/h1>\n<h1 style=\"text-align: center;\"><\/h1>\n<h1 style=\"text-align: center;\">LE LIEU &#8230;. C&rsquo;EST ENCORE UN SECRET !!!<\/h1>\n<p>[\/et_pb_text][\/et_pb_column][et_pb_column type=\u00a0\u00bb1_3&Prime; _builder_version=\u00a0\u00bb4.9.4&Prime; _module_preset=\u00a0\u00bbdefault\u00a0\u00bb][et_pb_image src=\u00a0\u00bbhttps:\/\/linemagnen.com\/wp-content\/uploads\/2025\/05\/FB_IMG_1732904791327.jpg\u00a0\u00bb title_text=\u00a0\u00bbFB_IMG_1732904791327&Prime; _builder_version=\u00a0\u00bb4.9.4&Prime; _module_preset=\u00a0\u00bbdefault\u00a0\u00bb][\/et_pb_image][\/et_pb_column][\/et_pb_row][et_pb_row column_structure=\u00a0\u00bb1_2,1_2&Prime; _builder_version=\u00a0\u00bb4.9.4&Prime; _module_preset=\u00a0\u00bbdefault\u00a0\u00bb][et_pb_column type=\u00a0\u00bb1_2&Prime; _builder_version=\u00a0\u00bb4.9.4&Prime; _module_preset=\u00a0\u00bbdefault\u00a0\u00bb][et_pb_text _builder_version=\u00a0\u00bb4.9.4&Prime; _module_preset=\u00a0\u00bbdefault\u00a0\u00bb]<\/p>\n<h3 style=\"text-align: center;\"><span style=\"color: #800080;\"><strong>\u00a0<\/strong><\/span><\/h3>\n<p><span style=\"color: #800080;\"><strong><\/strong><\/span><\/p>\n<p><span style=\"color: #800080;\"><strong><\/strong><\/span><\/p>\n<p>[\/et_pb_text][et_pb_image src=\u00a0\u00bbhttps:\/\/linemagnen.com\/wp-content\/uploads\/2025\/01\/PHOTO-FB-SOIREE-2025-300&#215;300.jpg\u00a0\u00bb title_text=\u00a0\u00bbPHOTO FB SOIREE 2025&Prime; _builder_version=\u00a0\u00bb4.9.4&Prime; _module_preset=\u00a0\u00bbdefault\u00a0\u00bb][\/et_pb_image][\/et_pb_column][et_pb_column type=\u00a0\u00bb1_2&Prime; _builder_version=\u00a0\u00bb4.9.4&Prime; _module_preset=\u00a0\u00bbdefault\u00a0\u00bb][et_pb_text _builder_version=\u00a0\u00bb4.9.4&Prime; _module_preset=\u00a0\u00bbdefault\u00a0\u00bb]<\/p>\n<h3 style=\"text-align: center;\"><strong><span style=\"color: #800080;\"><\/span><\/strong><\/h3>\n<h3 style=\"text-align: center;\"><strong><span style=\"color: #800080;\"><\/span><\/strong><\/h3>\n<h3 style=\"text-align: center;\"><strong><span style=\"color: #800080;\"><\/span><\/strong><\/h3>\n<h3 style=\"text-align: center;\"><strong><span style=\"color: #800080;\"><\/span><\/strong><\/h3>\n<h3 style=\"text-align: center;\"><strong><span style=\"color: #800080;\"><\/span><\/strong><\/h3>\n<h3 style=\"text-align: center;\"><strong><span style=\"color: #800080;\"><\/span><\/strong><\/h3>\n<h3 style=\"text-align: center;\"><strong><span style=\"color: #800080;\"><\/span><\/strong><\/h3>\n<h3 style=\"text-align: center;\"><strong><span style=\"color: #800080;\"><\/span><\/strong><\/h3>\n<h3 style=\"text-align: center;\"><strong><span style=\"color: #800080;\">Un moment de convivialit\u00e9 en ce d\u00e9but<\/span><\/strong><\/h3>\n<h3 style=\"text-align: center;\"><strong><span style=\"color: #800080;\"> d&rsquo;ann\u00e9e 2025 entre adh\u00e9rents, sophrologues<\/span><\/strong><\/h3>\n<h3 style=\"text-align: center;\"><strong><span style=\"color: #800080;\"> et membres du bureau<\/span><\/strong><\/h3>\n<h3 style=\"text-align: center;\"><strong><span style=\"color: #800080;\">au sein de SOPHROLOGIE ASSO 76-27 <\/span><\/strong><\/h3>\n<h3 style=\"text-align: center;\"><strong><span style=\"color: #800080;\">vendredi 24\/01\/2025.<\/span><\/strong><\/h3>\n<p><strong><span style=\"color: #800080;\"><\/span><\/strong><\/p>\n<p><strong><span style=\"color: #800080;\"><\/span><\/strong><\/p>\n<p><strong><span style=\"color: #800080;\"><\/span><\/strong><\/p>\n<h3 style=\"text-align: center;\"><strong><span style=\"color: #800080;\">Merci de votre pr\u00e9sence, de votre<\/span><\/strong><\/h3>\n<h3 style=\"text-align: center;\"><strong><span style=\"color: #800080;\"> participation active pour cet \u00e9v\u00e8nement et <\/span><\/strong><\/h3>\n<h3 style=\"text-align: center;\"><strong><span style=\"color: #800080;\">de toute la joie partag\u00e9e durant cette soir\u00e9e.\u00a0<\/span><\/strong><\/h3>\n<p>[\/et_pb_text][\/et_pb_column][\/et_pb_row][et_pb_row _builder_version=\u00a0\u00bb4.9.4&Prime; _module_preset=\u00a0\u00bbdefault\u00a0\u00bb][et_pb_column type=\u00a0\u00bb4_4&Prime; _builder_version=\u00a0\u00bb4.9.4&Prime; _module_preset=\u00a0\u00bbdefault\u00a0\u00bb][\/et_pb_column][\/et_pb_row][et_pb_row _builder_version=\u00a0\u00bb4.9.4&Prime; _module_preset=\u00a0\u00bbdefault\u00a0\u00bb][et_pb_column type=\u00a0\u00bb4_4&Prime; _builder_version=\u00a0\u00bb4.9.4&Prime; _module_preset=\u00a0\u00bbdefault\u00a0\u00bb][et_pb_text _builder_version=\u00a0\u00bb4.9.4&Prime; _module_preset=\u00a0\u00bbdefault\u00a0\u00bb]<\/p>\n<h3 style=\"text-align: center;\"><span style=\"color: #800080;\"><strong>Des s\u00e9ances \u00ab\u00a0DECOUVERTE DE LA SOPHROLOGIE<\/strong>\u00a0\u00bb\u00a0<strong>propos\u00e9es par SOPHROLOGIE ASSO 76-27<\/strong><\/span><\/h3>\n<p><span style=\"color: #800080;\"><strong><\/strong><\/span><\/p>\n<p><span style=\"color: #800080;\"><strong><\/strong><\/span><\/p>\n<h3 style=\"text-align: center;\"><span style=\"color: #800080;\"><strong>1h30 ponctu\u00e9es d&rsquo;\u00e9changes et de pratiques sophrologiques en nombre restreint de participants.<\/strong><\/span><\/h3>\n<p>[\/et_pb_text][\/et_pb_column][\/et_pb_row][et_pb_row column_structure=\u00a0\u00bb1_4,1_4,1_4,1_4&Prime; _builder_version=\u00a0\u00bb4.9.4&Prime; _module_preset=\u00a0\u00bbdefault\u00a0\u00bb][et_pb_column type=\u00a0\u00bb1_4&Prime; _builder_version=\u00a0\u00bb4.9.4&Prime; _module_preset=\u00a0\u00bbdefault\u00a0\u00bb][et_pb_image src=\u00a0\u00bbhttps:\/\/linemagnen.com\/wp-content\/uploads\/2024\/07\/AFFICHE-SSC-2024-scaled.jpg\u00a0\u00bb title_text=\u00a0\u00bbAFFICHE SSC 2024&Prime; _builder_version=\u00a0\u00bb4.9.4&Prime; _module_preset=\u00a0\u00bbdefault\u00a0\u00bb][\/et_pb_image][\/et_pb_column][et_pb_column type=\u00a0\u00bb1_4&Prime; _builder_version=\u00a0\u00bb4.9.4&Prime; _module_preset=\u00a0\u00bbdefault\u00a0\u00bb][et_pb_image src=\u00a0\u00bbhttps:\/\/linemagnen.com\/wp-content\/uploads\/2024\/12\/PHOTOS-3-SA-76-27-SICS-2024-scaled.jpg\u00a0\u00bb title_text=\u00a0\u00bbPHOTOS 3 SA 76 27 SICS 2024&Prime; _builder_version=\u00a0\u00bb4.9.4&Prime; _module_preset=\u00a0\u00bbdefault\u00a0\u00bb custom_margin=\u00a0\u00bb||119px|||\u00a0\u00bb][\/et_pb_image][\/et_pb_column][et_pb_column type=\u00a0\u00bb1_4&Prime; _builder_version=\u00a0\u00bb4.9.4&Prime; _module_preset=\u00a0\u00bbdefault\u00a0\u00bb][et_pb_image src=\u00a0\u00bbhttps:\/\/linemagnen.com\/wp-content\/uploads\/2024\/12\/PHOTOS-SA-76-27-SICS-2024-scaled.jpg\u00a0\u00bb title_text=\u00a0\u00bbPHOTOS SA 76 27 SICS 2024&Prime; _builder_version=\u00a0\u00bb4.9.4&Prime; _module_preset=\u00a0\u00bbdefault\u00a0\u00bb][\/et_pb_image][\/et_pb_column][et_pb_column type=\u00a0\u00bb1_4&Prime; _builder_version=\u00a0\u00bb4.9.4&Prime; _module_preset=\u00a0\u00bbdefault\u00a0\u00bb][et_pb_image src=\u00a0\u00bbhttps:\/\/linemagnen.com\/wp-content\/uploads\/2024\/12\/PHOTOS-2-SA-76-27-SICS-2024-scaled.jpg\u00a0\u00bb title_text=\u00a0\u00bbPHOTOS 2 SA 76 27 SICS 2024&Prime; _builder_version=\u00a0\u00bb4.9.4&Prime; _module_preset=\u00a0\u00bbdefault\u00a0\u00bb][\/et_pb_image][\/et_pb_column][\/et_pb_row][et_pb_row column_structure=\u00a0\u00bb1_3,1_3,1_3&Prime; _builder_version=\u00a0\u00bb4.9.4&Prime; _module_preset=\u00a0\u00bbdefault\u00a0\u00bb][et_pb_column type=\u00a0\u00bb1_3&Prime; _builder_version=\u00a0\u00bb4.9.4&Prime; _module_preset=\u00a0\u00bbdefault\u00a0\u00bb][et_pb_image src=\u00a0\u00bbhttps:\/\/linemagnen.com\/wp-content\/uploads\/2024\/07\/AFFICHE-LACROIX-ST-NICAISE-2024-2025-717&#215;1024.jpg\u00a0\u00bb title_text=\u00a0\u00bbAFFICHE LACROIX ST NICAISE 2024 2025&Prime; _builder_version=\u00a0\u00bb4.9.4&Prime; _module_preset=\u00a0\u00bbdefault\u00a0\u00bb][\/et_pb_image][\/et_pb_column][et_pb_column type=\u00a0\u00bb1_3&Prime; _builder_version=\u00a0\u00bb4.9.4&Prime; _module_preset=\u00a0\u00bbdefault\u00a0\u00bb][et_pb_image src=\u00a0\u00bbhttps:\/\/linemagnen.com\/wp-content\/uploads\/2024\/07\/affiche-BUCHY-2024-2025-715&#215;1024.jpg\u00a0\u00bb title_text=\u00a0\u00bbaffiche BUCHY 2024 2025&Prime; _builder_version=\u00a0\u00bb4.9.4&Prime; _module_preset=\u00a0\u00bbdefault\u00a0\u00bb][\/et_pb_image][\/et_pb_column][et_pb_column type=\u00a0\u00bb1_3&Prime; _builder_version=\u00a0\u00bb4.9.4&Prime; _module_preset=\u00a0\u00bbdefault\u00a0\u00bb][et_pb_text _builder_version=\u00a0\u00bb4.9.4&Prime; _module_preset=\u00a0\u00bbdefault\u00a0\u00bb]<\/p>\n<p>&nbsp;<\/p>\n<h3 style=\"text-align: center;\">\u00a0<span style=\"color: #000000;\">Les groupes sur Rouen et Buchy sont au complet pour la saison 2024-2025<\/span><\/h3>\n<p><span style=\"color: #000000;\"><\/span><\/p>\n<h3 style=\"text-align: center;\"><strong><span style=\"color: #000000;\">Merci \u00e0 nos anciens adh\u00e9rents de nous renouveler leur confiance pour cette saison<\/span><\/strong><\/h3>\n<h3 style=\"text-align: center;\"><strong><span style=\"color: #000000;\">Nous sommes ravis d&rsquo;accueillir les nouveaux sophropratiquants au sein de notre association<\/span><\/strong><\/h3>\n<p>&nbsp;<\/p>\n<h3 style=\"text-align: center;\">6 ans d\u00e9j\u00e0 que SOPHROLOGIE ASSO 76-27 existe et accompagne ses adh\u00e9rents dans leur d\u00e9couverte de la sophrologie et d&rsquo;eux m\u00eame \ud83d\ude42<\/h3>\n<p>&nbsp;<\/p>\n<p>&nbsp;<\/p>\n<p>&nbsp;<\/p>\n<p>[\/et_pb_text][\/et_pb_column][\/et_pb_row][et_pb_row column_structure=\u00a0\u00bb1_2,1_2&Prime; _builder_version=\u00a0\u00bb4.9.4&Prime; _module_preset=\u00a0\u00bbdefault\u00a0\u00bb][et_pb_column type=\u00a0\u00bb1_2&Prime; _builder_version=\u00a0\u00bb4.9.4&Prime; _module_preset=\u00a0\u00bbdefault\u00a0\u00bb][et_pb_image src=\u00a0\u00bbhttps:\/\/linemagnen.com\/wp-content\/uploads\/2024\/07\/Affiche-Forum-Asso-24-.jpg\u00a0\u00bb title_text=\u00a0\u00bbAffiche Forum Asso 24&Prime; _builder_version=\u00a0\u00bb4.9.4&Prime; _module_preset=\u00a0\u00bbdefault\u00a0\u00bb][\/et_pb_image][\/et_pb_column][et_pb_column type=\u00a0\u00bb1_2&Prime; _builder_version=\u00a0\u00bb4.9.4&Prime; _module_preset=\u00a0\u00bbdefault\u00a0\u00bb][et_pb_text _builder_version=\u00a0\u00bb4.9.4&Prime; _module_preset=\u00a0\u00bbdefault\u00a0\u00bb]<\/p>\n<h2 style=\"text-align: center;\"><span style=\"color: #800080;\"><strong><\/strong><\/span><\/h2>\n<h2 style=\"text-align: center;\"><span style=\"color: #800080;\"><strong><\/strong><\/span><\/h2>\n<h2 style=\"text-align: center;\"><span style=\"color: #800080;\"><strong><\/strong><\/span><\/h2>\n<h2 style=\"text-align: center;\"><span style=\"color: #800080;\"><strong><\/strong><\/span><\/h2>\n<h2 style=\"text-align: center;\"><span style=\"color: #800080;\"><strong><\/strong><\/span><\/h2>\n<h2 style=\"text-align: center;\"><span style=\"color: #800080;\"><strong><\/strong><\/span><\/h2>\n<h2 style=\"text-align: center;\"><span style=\"color: #800080;\"><strong><\/strong><\/span><\/h2>\n<h2 style=\"text-align: center;\"><span style=\"color: #333399;\"><strong><\/strong><\/span><\/h2>\n<h2 style=\"text-align: center;\"><span style=\"color: #333399;\"><strong><\/strong><\/span><\/h2>\n<h2 style=\"text-align: center;\"><span style=\"color: #333399;\"><strong><\/strong><\/span><\/h2>\n<h2 style=\"text-align: center;\"><span style=\"color: #333399;\"><strong><\/strong><\/span><\/h2>\n<h2 style=\"text-align: center;\"><span style=\"color: #333399;\"><strong><\/strong><\/span><\/h2>\n<h2 style=\"text-align: center;\"><span style=\"color: #333399;\"><strong><\/strong><\/span><\/h2>\n<h2 style=\"text-align: center;\"><span style=\"color: #333399;\"><strong><\/strong><\/span><\/h2>\n<h2 style=\"text-align: center;\"><span style=\"color: #333399;\"><strong><\/strong><\/span><\/h2>\n<h3 style=\"text-align: center;\"><span style=\"color: #333399;\"><strong><\/strong><\/span><\/h3>\n<h3 style=\"text-align: center;\"><span style=\"color: #333399;\"><strong>\u00a0 POUR LA 6EME ANNEE CONSECUTIVE <\/strong><\/span><\/h3>\n<h3 style=\"text-align: center;\"><span style=\"color: #333399;\"><strong>NOUS SERONS PRESENTS\u00a0 <\/strong><\/span><\/h3>\n<h3 style=\"text-align: center;\"><span style=\"color: #333399;\"><strong>\u00a0 \u00a0 <\/strong><\/span><\/h3>\n<h3 style=\"text-align: center;\"><span style=\"color: #333399;\"><strong>\u00a0 \u00a0 \u00a0le SAMEDI 7 SEPTEMBRE 2024\u00a0 \u00a0 \u00a0 \u00a0 <\/strong><\/span><\/h3>\n<h3 style=\"text-align: center;\"><span style=\"color: #333399;\"><strong>SUR LE FORUM des ASSOS de la ville de ROUEN<\/strong><\/span><\/h3>\n<p><span style=\"color: #333399;\"><strong><\/strong><\/span><\/p>\n<p><span style=\"color: #333399;\"><strong><\/strong><\/span><\/p>\n<h3 style=\"text-align: center;\"><span style=\"color: #333399;\"><strong>\u00a0 <\/strong><\/span><\/h3>\n<h3 style=\"text-align: center;\"><span style=\"color: #666699;\"><strong><span style=\"color: #333399;\">VOUS POURREZ RENCONTRER NOS SOPHROLOGUES ainsi que LES MEMBRES DU BUREAU, et ECHANGER AVEC NOS ADHERENTS<\/span>\u00a0<\/strong><\/span><\/h3>\n<p>[\/et_pb_text][\/et_pb_column][\/et_pb_row][et_pb_row column_structure=\u00a0\u00bb1_2,1_2&Prime; _builder_version=\u00a0\u00bb4.9.4&Prime; _module_preset=\u00a0\u00bbdefault\u00a0\u00bb][et_pb_column type=\u00a0\u00bb1_2&Prime; _builder_version=\u00a0\u00bb4.9.4&Prime; _module_preset=\u00a0\u00bbdefault\u00a0\u00bb][et_pb_text _builder_version=\u00a0\u00bb4.9.4&Prime; _module_preset=\u00a0\u00bbdefault\u00a0\u00bb]<\/p>\n<h3 style=\"text-align: center;\"><span style=\"color: #0000ff;\"><strong><\/strong><\/span><\/h3>\n<h3 style=\"text-align: center;\"><span style=\"color: #0000ff;\"><strong><\/strong><\/span><\/h3>\n<h3 style=\"text-align: center;\"><span style=\"color: #0000ff;\"><strong><\/strong><\/span><\/h3>\n<h3 style=\"text-align: center;\"><span style=\"color: #0000ff;\"><strong><\/strong><\/span><\/h3>\n<h3 style=\"text-align: center;\"><span style=\"color: #0000ff;\"><strong><\/strong><\/span><\/h3>\n<h3 style=\"text-align: center;\"><span style=\"color: #0000ff;\"><strong><\/strong><\/span><\/h3>\n<h3 style=\"text-align: center;\"><span style=\"color: #0000ff;\"><strong><\/strong><\/span><\/h3>\n<h3 style=\"text-align: center;\"><span style=\"color: #0000ff;\"><strong>SOPHROLOGIE ASSO 76-27 VOUS SOUHAITE DE BELLES VACANCES ESTIVALES<\/strong><\/span><\/h3>\n<p><span style=\"color: #0000ff;\"><strong><\/strong><\/span><\/p>\n<p><span style=\"color: #0000ff;\"><strong><\/strong><\/span><\/p>\n<p><span style=\"color: #0000ff;\"><strong><\/strong><\/span><\/p>\n<p><span style=\"color: #0000ff;\"><strong><\/strong><\/span><\/p>\n<h3 style=\"text-align: center;\"><span style=\"color: #0000ff;\"><strong>PRATIQUER LA SOPHRO ET PROFITEZ PLEINEMENT DE VOS VACANCES<\/strong><\/span><\/h3>\n<p><span style=\"color: #0000ff;\"><strong><\/strong><\/span><\/p>\n<h3 style=\"text-align: center;\"><\/h3>\n<p>[\/et_pb_text][\/et_pb_column][et_pb_column type=\u00a0\u00bb1_2&Prime; _builder_version=\u00a0\u00bb4.9.4&Prime; _module_preset=\u00a0\u00bbdefault\u00a0\u00bb][et_pb_image src=\u00a0\u00bbhttps:\/\/linemagnen.com\/wp-content\/uploads\/2024\/07\/FB_IMG_1721409936983.jpg\u00a0\u00bb title_text=\u00a0\u00bbFB_IMG_1721409936983&Prime; _builder_version=\u00a0\u00bb4.9.4&Prime; _module_preset=\u00a0\u00bbdefault\u00a0\u00bb][\/et_pb_image][\/et_pb_column][\/et_pb_row][et_pb_row column_structure=\u00a0\u00bb1_2,1_2&Prime; _builder_version=\u00a0\u00bb4.9.4&Prime; _module_preset=\u00a0\u00bbdefault\u00a0\u00bb][et_pb_column type=\u00a0\u00bb1_2&Prime; _builder_version=\u00a0\u00bb4.9.4&Prime; _module_preset=\u00a0\u00bbdefault\u00a0\u00bb][et_pb_image src=\u00a0\u00bbhttps:\/\/linemagnen.com\/wp-content\/uploads\/2021\/09\/pause-scaled.jpg\u00a0\u00bb title_text=\u00a0\u00bbpause\u00a0\u00bb _builder_version=\u00a0\u00bb4.9.4&Prime; _module_preset=\u00a0\u00bbdefault\u00a0\u00bb][\/et_pb_image][\/et_pb_column][et_pb_column type=\u00a0\u00bb1_2&Prime; _builder_version=\u00a0\u00bb4.9.4&Prime; _module_preset=\u00a0\u00bbdefault\u00a0\u00bb][et_pb_text _builder_version=\u00a0\u00bb4.9.4&Prime; _module_preset=\u00a0\u00bbdefault\u00a0\u00bb]<\/p>\n<h4 style=\"text-align: center;\">\u00a0<\/h4>\n<h4 style=\"text-align: center;\">\u00a0<strong style=\"color: #3366ff; font-size: 26px;\"><\/strong><strong style=\"color: #3366ff; font-size: 26px;\">STAGES SOPHRO -QI GONG<\/strong><strong style=\"color: #3366ff; font-size: 26px;\"><\/strong><\/h4>\n<h4 style=\"text-align: center;\"><strong style=\"color: #3366ff; font-size: 26px;\"><\/strong><\/h4>\n<h4><span style=\"color: #3366ff;\"><strong>\u00a0 \u00a0 Nouveau partenariat avec l&rsquo;association ATCKM\u00a0 \u00a0 \u00a0 \u00a0 \u00a0 \u00a0 \u00a0 \u00a0 \u00a0 pour les adh\u00e9rents des 2 associations<\/strong><\/span><\/h4>\n<p><span style=\"color: #3366ff;\"><strong><\/strong><\/span><\/p>\n<p><span style=\"color: #3366ff;\"><\/span><\/p>\n<h3 style=\"text-align: center;\"><span style=\"color: #3366ff;\"><strong>\u00a0 \u00a0 \u00a0 Dimanche 12 novembre 2023\u00a0 \u00a0 \u00a0 \u00a0 \u00a0Dimanche 17 d\u00e9cembre<\/strong><\/span><span style=\"color: #3366ff;\"><strong>2023<\/strong><\/span><\/h3>\n<h3 style=\"text-align: center;\"><span style=\"color: #3366ff;\"><strong>de 9H30 \u00e0 12H30<\/strong><\/span><\/h3>\n<p><span style=\"color: #3366ff;\"><strong><\/strong><\/span><\/p>\n<h4 style=\"text-align: center;\"><span style=\"color: #3366ff;\"><strong>avec Marie-Gabrielle DUNOYER enseignante en Arts \u00e9nerg\u00e9tiques chinois, Fabienne DANDOY et Line MAGNEN sophrologues<\/strong><\/span><\/h4>\n<p><span style=\"color: #3366ff;\"><strong><\/strong><\/span><\/p>\n<p><span style=\"color: #3366ff;\"><strong><\/strong><\/span><\/p>\n<h3 style=\"text-align: center;\"><span style=\"color: #3366ff;\"><strong>Maison de Quartier St Nicaise <\/strong><\/span><\/h3>\n<h3 style=\"text-align: center;\"><span style=\"color: #3366ff;\"><strong>18 rue Poussin 76000 ROUEN<\/strong><\/span><\/h3>\n<p><span style=\"color: #3366ff;\"><strong><\/strong><\/span><\/p>\n<p><span style=\"color: #3366ff;\"><strong><\/strong><\/span><\/p>\n<h3 style=\"text-align: center;\"><span style=\"color: #3366ff;\"><strong> inscription obligatoire <\/strong><\/span><\/h3>\n<h3 style=\"text-align: center;\"><span style=\"color: #3366ff;\"><strong>les groupes sont au complet<\/strong><\/span><\/h3>\n<p><span style=\"color: #3366ff;\"><strong><\/strong><\/span><\/p>\n<p>&nbsp;<\/p>\n<p><span style=\"color: #3366ff;\"><strong><\/strong><\/span><\/p>\n<p><span style=\"color: #3366ff;\"><strong><\/strong><\/span><\/p>\n<p style=\"text-align: center;\"><span style=\"color: #3366ff;\"><strong><\/strong><\/span><\/p>\n<p>&nbsp;<\/p>\n<p><span style=\"color: #3366ff;\"><strong><\/strong><\/span><\/p>\n<p>[\/et_pb_text][\/et_pb_column][\/et_pb_row][et_pb_row column_structure=\u00a0\u00bb1_2,1_2&Prime; _builder_version=\u00a0\u00bb4.9.4&Prime; _module_preset=\u00a0\u00bbdefault\u00a0\u00bb][et_pb_column type=\u00a0\u00bb1_2&Prime; _builder_version=\u00a0\u00bb4.9.4&Prime; _module_preset=\u00a0\u00bbdefault\u00a0\u00bb][et_pb_image src=\u00a0\u00bbhttps:\/\/linemagnen.com\/wp-content\/uploads\/2023\/08\/Notes_230728_110354_679.jpg\u00a0\u00bb title_text=\u00a0\u00bbNotes_230728_110354_679&Prime; _builder_version=\u00a0\u00bb4.9.4&Prime; _module_preset=\u00a0\u00bbdefault\u00a0\u00bb][\/et_pb_image][\/et_pb_column][et_pb_column type=\u00a0\u00bb1_2&Prime; _builder_version=\u00a0\u00bb4.9.4&Prime; _module_preset=\u00a0\u00bbdefault\u00a0\u00bb][\/et_pb_column][\/et_pb_row][et_pb_row column_structure=\u00a0\u00bb1_3,1_3,1_3&Prime; _builder_version=\u00a0\u00bb4.9.4&Prime; _module_preset=\u00a0\u00bbdefault\u00a0\u00bb][et_pb_column type=\u00a0\u00bb1_3&Prime; _builder_version=\u00a0\u00bb4.9.4&Prime; _module_preset=\u00a0\u00bbdefault\u00a0\u00bb][et_pb_image src=\u00a0\u00bbhttps:\/\/linemagnen.com\/wp-content\/uploads\/2023\/08\/20230802_125520-1-scaled.jpg\u00a0\u00bb title_text=\u00a0\u00bb20230802_125520&Prime; _builder_version=\u00a0\u00bb4.9.4&Prime; _module_preset=\u00a0\u00bbdefault\u00a0\u00bb][\/et_pb_image][\/et_pb_column][et_pb_column type=\u00a0\u00bb1_3&Prime; _builder_version=\u00a0\u00bb4.9.4&Prime; _module_preset=\u00a0\u00bbdefault\u00a0\u00bb][et_pb_image src=\u00a0\u00bbhttps:\/\/linemagnen.com\/wp-content\/uploads\/2023\/10\/20230910_091055-scaled.jpg\u00a0\u00bb title_text=\u00a0\u00bb20230910_091055&Prime; _builder_version=\u00a0\u00bb4.9.4&Prime; _module_preset=\u00a0\u00bbdefault\u00a0\u00bb][\/et_pb_image][\/et_pb_column][et_pb_column type=\u00a0\u00bb1_3&Prime; _builder_version=\u00a0\u00bb4.9.4&Prime; _module_preset=\u00a0\u00bbdefault\u00a0\u00bb][et_pb_text _builder_version=\u00a0\u00bb4.9.4&Prime; _module_preset=\u00a0\u00bbdefault\u00a0\u00bb]<\/p>\n<h2><span style=\"color: #0000ff;\"><strong><\/strong><\/span><\/h2>\n<h2><span style=\"color: #0000ff;\"><strong><\/strong><\/span><\/h2>\n<h2><span style=\"color: #0000ff;\"><strong><\/strong><\/span><\/h2>\n<h2><span style=\"color: #0000ff;\"><strong><\/strong><\/span><\/h2>\n<h2><span style=\"color: #0000ff;\"><strong><\/strong><\/span><\/h2>\n<h2>\n<\/h2>\n<h2 style=\"text-align: center;\"><span style=\"color: #0000ff;\"><strong><\/strong><\/span><\/h2>\n<p><span style=\"color: #0000ff;\"><strong><\/strong><\/span><\/p>\n<p><span style=\"color: #0000ff;\"><strong><\/strong><\/span><\/p>\n<p><span style=\"color: #0000ff;\"><strong><\/strong><\/span><\/p>\n<h3><span style=\"color: #0000ff;\"><strong>Le<\/strong><\/span><span style=\"color: #0000ff;\"><strong> groupe de Buchy et les groupes sur Rouen du mardi et jeudi soir sont complets.\u00a0<\/strong><\/span><\/h3>\n<h3><span style=\"color: #0000ff;\"><strong>Il reste quelques places en journ\u00e9e le lundi de 14H30 \u00e0 15H30<\/strong><\/span><\/h3>\n<p>&nbsp;<\/p>\n<p>[\/et_pb_text][\/et_pb_column][\/et_pb_row][et_pb_row column_structure=\u00a0\u00bb1_3,1_3,1_3&Prime; _builder_version=\u00a0\u00bb4.9.4&Prime; _module_preset=\u00a0\u00bbdefault\u00a0\u00bb][et_pb_column type=\u00a0\u00bb1_3&Prime; _builder_version=\u00a0\u00bb4.9.4&Prime; _module_preset=\u00a0\u00bbdefault\u00a0\u00bb][et_pb_text _builder_version=\u00a0\u00bb4.9.4&Prime; _module_preset=\u00a0\u00bbdefault\u00a0\u00bb]<\/p>\n<div dir=\"auto\" style=\"text-align: justify;\">A.T.C.K.M (Association d&rsquo;arts energ\u00e9tiques chinois) propose un<span style=\"text-decoration: underline;\"> stage dans le Cotentin<\/span> sur l&rsquo;\u00e9t\u00e9 2023 pour <span style=\"text-decoration: underline;\">d\u00e9couvrir et<\/span> <span style=\"text-decoration: underline;\">perfectionner la pratique du Qi gong et Tai<\/span> <span style=\"text-decoration: underline;\">Chi<\/span> avec Marie-Gabrielle Dunoyer. Ce stage sera aussi pour les participants <span style=\"text-decoration: underline;\">l\u2019occasion de pratiquer la sophrologie en bord de mer.<\/span><\/div>\n<div dir=\"auto\" style=\"text-align: justify;\"><span style=\"text-decoration: underline;\"><\/span><\/div>\n<div dir=\"auto\" style=\"text-align: justify;\">Un temps privil\u00e9gi\u00e9 pour soi avec <span style=\"text-decoration: underline;\">2<\/span> <span style=\"text-decoration: underline;\">praticiens et 2 disciplines<\/span> pour se ressourcer dans <span style=\"text-decoration: underline;\">des pratiques en harmonie<\/span> <span style=\"text-decoration: underline;\">avec la nature<\/span> et dans le partage, la d\u00e9tente et la convivialit\u00e9.<\/div>\n<p>[\/et_pb_text][\/et_pb_column][et_pb_column type=\u00a0\u00bb1_3&Prime; _builder_version=\u00a0\u00bb4.9.4&Prime; _module_preset=\u00a0\u00bbdefault\u00a0\u00bb][et_pb_image src=\u00a0\u00bbhttps:\/\/linemagnen.com\/wp-content\/uploads\/2023\/02\/240_F_158930261_vmcVnPTx6JNfvwqQjvGu4eu7x10IexzP.jpg\u00a0\u00bb title_text=\u00a0\u00bb240_F_158930261_vmcVnPTx6JNfvwqQjvGu4eu7x10IexzP\u00a0\u00bb _builder_version=\u00a0\u00bb4.9.4&Prime; _module_preset=\u00a0\u00bbdefault\u00a0\u00bb][\/et_pb_image][\/et_pb_column][et_pb_column type=\u00a0\u00bb1_3&Prime; _builder_version=\u00a0\u00bb4.9.4&Prime; _module_preset=\u00a0\u00bbdefault\u00a0\u00bb][et_pb_image src=\u00a0\u00bbhttps:\/\/linemagnen.com\/wp-content\/uploads\/2023\/02\/istockphoto-1267002310-612&#215;612-1.jpg\u00a0\u00bb title_text=\u00a0\u00bbistockphoto-1267002310-612&#215;612&Prime; _builder_version=\u00a0\u00bb4.9.4&Prime; _module_preset=\u00a0\u00bbdefault\u00a0\u00bb][\/et_pb_image][\/et_pb_column][\/et_pb_row][et_pb_row column_structure=\u00a0\u00bb1_4,1_4,1_4,1_4&Prime; _builder_version=\u00a0\u00bb4.9.4&Prime; _module_preset=\u00a0\u00bbdefault\u00a0\u00bb][et_pb_column type=\u00a0\u00bb1_4&Prime; _builder_version=\u00a0\u00bb4.9.4&Prime; _module_preset=\u00a0\u00bbdefault\u00a0\u00bb][et_pb_text _builder_version=\u00a0\u00bb4.9.4&Prime; _module_preset=\u00a0\u00bbdefault\u00a0\u00bb]<\/p>\n<h3 style=\"text-align: center;\"><strong><span style=\"color: #800080;\">ATELIER \u00ab\u00a0MIEUX GERER SES DOULEURS AVEC LA SOPHROLOGIE\u00a0\u00bb<\/span><\/strong><strong><span style=\"color: #800080;\"><\/span><\/strong><\/h3>\n<h4 style=\"text-align: center;\"><span style=\"color: #800080;\"><strong>Programme de 4 s\u00e9ances<\/strong><\/span><\/h4>\n<p><strong><span style=\"color: #800080;\"><\/span><\/strong><\/p>\n<p><strong><span style=\"color: #800080;\"><\/span><\/strong><\/p>\n<h3 style=\"text-align: center;\"><span style=\"color: #800080;\"><strong> Groupe de 6 personnes maximum<\/strong><\/span><\/h3>\n<p>[\/et_pb_text][\/et_pb_column][et_pb_column type=\u00a0\u00bb1_4&Prime; _builder_version=\u00a0\u00bb4.9.4&Prime; _module_preset=\u00a0\u00bbdefault\u00a0\u00bb][et_pb_image src=\u00a0\u00bbhttps:\/\/linemagnen.com\/wp-content\/uploads\/2022\/12\/safe_image-11.jpg\u00a0\u00bb title_text=\u00a0\u00bbsafe_image (11)\u00a0\u00bb _builder_version=\u00a0\u00bb4.9.4&Prime; _module_preset=\u00a0\u00bbdefault\u00a0\u00bb][\/et_pb_image][\/et_pb_column][et_pb_column type=\u00a0\u00bb1_4&Prime; _builder_version=\u00a0\u00bb4.9.4&Prime; _module_preset=\u00a0\u00bbdefault\u00a0\u00bb][et_pb_text _builder_version=\u00a0\u00bb4.9.4&Prime; _module_preset=\u00a0\u00bbdefault\u00a0\u00bb]<\/p>\n<h3 style=\"text-align: center;\"><strong><span style=\"color: #800080;\"><\/span><\/strong><\/h3>\n<h3 style=\"text-align: center;\"><strong><span style=\"color: #800080;\">Maison de quartier St Nicaise<\/span><\/strong><\/h3>\n<h5 style=\"text-align: center;\"><strong><span style=\"color: #800080;\">18 rue Poussin 76000 Rouen<\/span><\/strong><\/h5>\n<h3 style=\"text-align: center;\"><strong><span style=\"color: #800080;\">12\/01 et 26\/01\/23<\/span><\/strong><\/h3>\n<h3 style=\"text-align: center;\"><strong><span style=\"color: #800080;\">9\/03 et 23\/03\/23<\/span><\/strong><\/h3>\n<h3 style=\"text-align: center;\"><strong><span style=\"color: #800080;\">de 18h30 \u00e0 19h30<\/span><\/strong><\/h3>\n<h3><strong><span style=\"color: #800080;\"><\/span><\/strong><\/h3>\n<p>[\/et_pb_text][\/et_pb_column][et_pb_column type=\u00a0\u00bb1_4&Prime; _builder_version=\u00a0\u00bb4.9.4&Prime; _module_preset=\u00a0\u00bbdefault\u00a0\u00bb][et_pb_text _builder_version=\u00a0\u00bb4.9.4&Prime; _module_preset=\u00a0\u00bbdefault\u00a0\u00bb]<\/p>\n<h3 style=\"text-align: center;\"><span style=\"color: #800080;\"><\/span><\/h3>\n<h3 style=\"text-align: center;\"><\/h3>\n<h3 style=\"text-align: center;\"><span style=\"color: #800080;\"><\/span><\/h3>\n<h3 style=\"text-align: center;\"><span style=\"color: #800080;\"><\/span><\/h3>\n<h3 style=\"text-align: center;\"><span style=\"color: #800080;\">Les inscriptions sont termin\u00e9es. <\/span><\/h3>\n<h3 style=\"text-align: center;\"><span style=\"color: #800080;\">Le groupe de 6 personnes est constitu\u00e9<\/span><\/h3>\n<p>[\/et_pb_text][\/et_pb_column][\/et_pb_row][et_pb_row column_structure=\u00a0\u00bb1_3,1_3,1_3&Prime; _builder_version=\u00a0\u00bb4.9.4&Prime; _module_preset=\u00a0\u00bbdefault\u00a0\u00bb][et_pb_column type=\u00a0\u00bb1_3&Prime; _builder_version=\u00a0\u00bb4.9.4&Prime; _module_preset=\u00a0\u00bbdefault\u00a0\u00bb][et_pb_image src=\u00a0\u00bbhttps:\/\/linemagnen.com\/wp-content\/uploads\/2022\/12\/81161740_523032125224085_8599727272053702656_n.jpg\u00a0\u00bb title_text=\u00a0\u00bb81161740_523032125224085_8599727272053702656_n\u00a0\u00bb _builder_version=\u00a0\u00bb4.9.4&Prime; _module_preset=\u00a0\u00bbdefault\u00a0\u00bb][\/et_pb_image][\/et_pb_column][et_pb_column type=\u00a0\u00bb1_3&Prime; _builder_version=\u00a0\u00bb4.9.4&Prime; _module_preset=\u00a0\u00bbdefault\u00a0\u00bb][et_pb_image src=\u00a0\u00bbhttps:\/\/linemagnen.com\/wp-content\/uploads\/2022\/12\/20221215_183007-scaled.jpg\u00a0\u00bb title_text=\u00a0\u00bb20221215_183007&Prime; _builder_version=\u00a0\u00bb4.9.4&Prime; _module_preset=\u00a0\u00bbdefault\u00a0\u00bb][\/et_pb_image][\/et_pb_column][et_pb_column type=\u00a0\u00bb1_3&Prime; _builder_version=\u00a0\u00bb4.9.4&Prime; _module_preset=\u00a0\u00bbdefault\u00a0\u00bb][et_pb_text _builder_version=\u00a0\u00bb4.9.4&Prime; _module_preset=\u00a0\u00bbdefault\u00a0\u00bb]<\/p>\n<h2 style=\"text-align: center;\"><strong><span style=\"color: #800080;\">SOPHROLOGIE ASSO 76-27 vous souhaite de belles f\u00eates de fin d&rsquo;ann\u00e9e 2022<\/span><\/strong><\/h2>\n<h3 style=\"text-align: center;\"><strong><span style=\"color: #800080;\">Un repas partag\u00e9 en cette fin d&rsquo;ann\u00e9e o\u00f9 les sophropratiquants des 3 groupes ont pu se rencontrer dans une ambiance conviviale et joyeuse.<\/span><\/strong><\/h3>\n<h3 style=\"text-align: center;\"><strong><span style=\"color: #800080;\">La derni\u00e8re s\u00e9ance de l&rsquo;ann\u00e9e fut \u00e9galement un moment de partage&#8230; Le P\u00e8re No\u00ebl est pass\u00e9 avant l&rsquo;heure\u00a0 !!!<\/span><\/strong><\/h3>\n<p>[\/et_pb_text][\/et_pb_column][\/et_pb_row][et_pb_row column_structure=\u00a0\u00bb1_4,3_4&Prime; _builder_version=\u00a0\u00bb4.9.4&Prime; _module_preset=\u00a0\u00bbdefault\u00a0\u00bb][et_pb_column type=\u00a0\u00bb1_4&Prime; _builder_version=\u00a0\u00bb4.9.4&Prime; _module_preset=\u00a0\u00bbdefault\u00a0\u00bb][et_pb_image src=\u00a0\u00bbhttps:\/\/linemagnen.com\/wp-content\/uploads\/2021\/09\/pause-scaled.jpg\u00a0\u00bb title_text=\u00a0\u00bbpause\u00a0\u00bb _builder_version=\u00a0\u00bb4.9.4&Prime; _module_preset=\u00a0\u00bbdefault\u00a0\u00bb][\/et_pb_image][\/et_pb_column][et_pb_column type=\u00a0\u00bb3_4&Prime; _builder_version=\u00a0\u00bb4.9.4&Prime; _module_preset=\u00a0\u00bbdefault\u00a0\u00bb][et_pb_text _builder_version=\u00a0\u00bb4.9.4&Prime; _module_preset=\u00a0\u00bbdefault\u00a0\u00bb]<\/p>\n<h2 style=\"text-align: center;\"><strong style=\"font-size: 26px; color: #a23bba;\"><\/strong><\/h2>\n<h2 style=\"text-align: center;\"><strong style=\"font-size: 26px; color: #a23bba;\"><\/strong><\/h2>\n<h2 style=\"text-align: center;\"><strong style=\"font-size: 26px; color: #a23bba;\"><\/strong><\/h2>\n<h2 style=\"text-align: center;\"><strong style=\"font-size: 26px; color: #a23bba;\">\u00a0SOPHROLOGIE ASSO 76-27<\/strong><\/h2>\n<h2 style=\"text-align: center;\"><\/h2>\n<p><span style=\"text-decoration: underline; color: #a23bba;\"><\/span><\/p>\n<p><span style=\"text-decoration: underline; color: #a23bba;\"><\/span><\/p>\n<h2 style=\"text-align: center;\"><span style=\"text-decoration: underline; color: #a23bba;\"><strong>DES ATELIERS SOPHRO POUR LA SAISON 2022-2023<\/strong><\/span><\/h2>\n<p><span style=\"text-decoration: underline; color: #a23bba;\"><strong><\/strong><\/span><\/p>\n<h3 style=\"text-align: center;\"><span style=\"color: #a23bba;\"><strong>\u00a0 \u00a0\u00a0<\/strong><\/span><\/h3>\n<p><span style=\"text-decoration: underline; color: #a23bba;\"><strong><\/strong><\/span><\/p>\n<p>[\/et_pb_text][\/et_pb_column][\/et_pb_row][et_pb_row column_structure=\u00a0\u00bb1_3,1_3,1_3&Prime; _builder_version=\u00a0\u00bb4.9.4&Prime; _module_preset=\u00a0\u00bbdefault\u00a0\u00bb][et_pb_column type=\u00a0\u00bb1_3&Prime; _builder_version=\u00a0\u00bb4.9.4&Prime; _module_preset=\u00a0\u00bbdefault\u00a0\u00bb][et_pb_text _builder_version=\u00a0\u00bb4.9.4&Prime; _module_preset=\u00a0\u00bbdefault\u00a0\u00bb custom_padding=\u00a0\u00bb|0px|0px|||\u00a0\u00bb]<\/p>\n<h3 style=\"text-align: center;\"><strong><span style=\"color: #8606e8;\"><\/span><\/strong><\/h3>\n<h2 style=\"text-align: center;\"><strong><span style=\"color: #8606e8;\">LE MARDI de 18h45 \u00e0 19h45<\/span><\/strong><\/h2>\n<h4 style=\"text-align: center;\">MAISON DE QUARTIER ILE LACROIX<\/h4>\n<h4 style=\"text-align: center;\">\u00a0 Avenue Jacques Chastellain 76000 Rouen<\/h4>\n<p>&nbsp;<\/p>\n<h5 style=\"text-align: center;\"><span style=\"color: #0000ff;\"><strong>S\u00e9ance d\u00e9couverte offerte le mardi 13 septembre 2022<\/strong><\/span><\/h5>\n<p>[\/et_pb_text][\/et_pb_column][et_pb_column type=\u00a0\u00bb1_3&Prime; _builder_version=\u00a0\u00bb4.9.4&Prime; _module_preset=\u00a0\u00bbdefault\u00a0\u00bb][et_pb_text _builder_version=\u00a0\u00bb4.9.4&Prime; _module_preset=\u00a0\u00bbdefault\u00a0\u00bb]<\/p>\n<h3 style=\"text-align: center;\"><strong><span style=\"color: #8a10e8;\"><\/span><\/strong><\/h3>\n<h2 style=\"text-align: center;\"><strong><span style=\"color: #8a10e8;\">LE JEUDI DE 18H45 \u00e0 19H45<\/span><\/strong><\/h2>\n<h4 style=\"text-align: center;\">MAISON DE QUARTIER SAINT NICAISE<\/h4>\n<h4 style=\"text-align: center;\">18 Rue Poussin 76000 Rouen<\/h4>\n<p>&nbsp;<\/p>\n<h5 style=\"text-align: center;\"><span style=\"color: #0000ff;\"><strong><span style=\"color: #3366ff;\">S\u00e9ance d\u00e9couverte offerte le jeudi 15 septembre 2022<\/span>\u00a0<\/strong><\/span><\/h5>\n<p>[\/et_pb_text][\/et_pb_column][et_pb_column type=\u00a0\u00bb1_3&Prime; _builder_version=\u00a0\u00bb4.9.4&Prime; _module_preset=\u00a0\u00bbdefault\u00a0\u00bb][et_pb_text _builder_version=\u00a0\u00bb4.9.4&Prime; _module_preset=\u00a0\u00bbdefault\u00a0\u00bb]<\/p>\n<h2><\/h2>\n<h2 style=\"text-align: center;\"><span style=\"color: #800080;\"><strong>LE SAMEDI DE 14H \u00e0 15H<\/strong><\/span><\/h2>\n<p><strong><span style=\"color: #8300e8;\"><\/span><\/strong><\/p>\n<h4 style=\"text-align: center;\">56 rue des Halles<\/h4>\n<h4 style=\"text-align: center;\">76750 Buchy<\/h4>\n<h4 style=\"text-align: center;\"><\/h4>\n<h4 style=\"text-align: center;\"><\/h4>\n<h4 style=\"text-align: center;\"><\/h4>\n<h5 style=\"text-align: center;\">\u00a0<span style=\"color: #0000ff;\"><strong>S\u00e9ance d\u00e9couverte offerte le samedi 17 septembre 2022<\/strong><\/span><\/h5>\n<p>&nbsp;<\/p>\n<h4 style=\"text-align: center;\"><\/h4>\n<p>[\/et_pb_text][et_pb_text _builder_version=\u00a0\u00bb4.9.4&Prime; _module_preset=\u00a0\u00bbdefault\u00a0\u00bb]<\/p>\n<h3 style=\"text-align: center;\"><\/h3>\n<h3 style=\"text-align: center;\"><\/h3>\n<h2 style=\"text-align: center;\"><strong><span style=\"color: #8300e9;\"><\/span><\/strong><\/h2>\n<h2 style=\"text-align: center;\"><strong><span style=\"color: #8300e9;\"><\/span><\/strong><\/h2>\n<h2 style=\"text-align: center;\"><\/h2>\n<h5 style=\"text-align: center;\"><\/h5>\n<p>[\/et_pb_text][\/et_pb_column][\/et_pb_row][et_pb_row column_structure=\u00a0\u00bb1_3,1_3,1_3&Prime; _builder_version=\u00a0\u00bb4.9.4&Prime; _module_preset=\u00a0\u00bbdefault\u00a0\u00bb][et_pb_column type=\u00a0\u00bb1_3&Prime; _builder_version=\u00a0\u00bb4.9.4&Prime; _module_preset=\u00a0\u00bbdefault\u00a0\u00bb][et_pb_image src=\u00a0\u00bbhttps:\/\/linemagnen.com\/wp-content\/uploads\/2022\/12\/20221022_1627071-scaled.jpg\u00a0\u00bb title_text=\u00a0\u00bb20221022_162707%911%93&Prime; _builder_version=\u00a0\u00bb4.9.4&Prime; _module_preset=\u00a0\u00bbdefault\u00a0\u00bb][\/et_pb_image][\/et_pb_column][et_pb_column type=\u00a0\u00bb1_3&Prime; _builder_version=\u00a0\u00bb4.9.4&Prime; _module_preset=\u00a0\u00bbdefault\u00a0\u00bb][et_pb_text _builder_version=\u00a0\u00bb4.9.4&Prime; _module_preset=\u00a0\u00bbdefault\u00a0\u00bb]<\/p>\n<h3 style=\"text-align: center;\"><\/h3>\n<h3 style=\"text-align: center;\"><\/h3>\n<h3 style=\"text-align: center;\"><\/h3>\n<h3 style=\"text-align: center;\"><\/h3>\n<h3 style=\"text-align: center;\"><\/h3>\n<h3 style=\"text-align: center;\"><\/h3>\n<h3 style=\"text-align: center;\"><\/h3>\n<h3 style=\"text-align: center;\"><\/h3>\n<h3 style=\"text-align: center;\"><\/h3>\n<h3 style=\"text-align: center;\">Les adh\u00e9rents de SOPHROLOGIE<\/h3>\n<h3 style=\"text-align: center;\">ASSO 76-27 ont re\u00e7u un ruban<\/h3>\n<h3 style=\"text-align: center;\">rose \u00ab\u00a0OCTOBRE ROSE 2022\u00a0\u00bb et<\/h3>\n<h3 style=\"text-align: center;\">toutes nos s\u00e9ances du mois<\/h3>\n<h3 style=\"text-align: center;\">d&rsquo;octobre 2022 sont d\u00e9di\u00e9es<\/h3>\n<h3 style=\"text-align: center;\">aux personnes ayant \u00e9t\u00e9 ou<\/h3>\n<h3 style=\"text-align: center;\">atteintes du cancer du sein<\/h3>\n<p>[\/et_pb_text][\/et_pb_column][et_pb_column type=\u00a0\u00bb1_3&Prime; _builder_version=\u00a0\u00bb4.9.4&Prime; _module_preset=\u00a0\u00bbdefault\u00a0\u00bb][et_pb_image src=\u00a0\u00bbhttps:\/\/linemagnen.com\/wp-content\/uploads\/2022\/10\/AFFICHE-GESTION-STRESS-scaled.jpg\u00a0\u00bb title_text=\u00a0\u00bbAFFICHE GESTION STRESS\u00a0\u00bb _builder_version=\u00a0\u00bb4.9.4&Prime; _module_preset=\u00a0\u00bbdefault\u00a0\u00bb][\/et_pb_image][\/et_pb_column][\/et_pb_row][et_pb_row column_structure=\u00a0\u00bb1_2,1_2&Prime; _builder_version=\u00a0\u00bb4.9.4&Prime; _module_preset=\u00a0\u00bbdefault\u00a0\u00bb][et_pb_column type=\u00a0\u00bb1_2&Prime; _builder_version=\u00a0\u00bb4.9.4&Prime; _module_preset=\u00a0\u00bbdefault\u00a0\u00bb][et_pb_image src=\u00a0\u00bbhttps:\/\/linemagnen.com\/wp-content\/uploads\/2022\/06\/bandeau-slim-a-lasso-22.jpg\u00a0\u00bb title_text=\u00a0\u00bbbandeau-slim-a-lasso-22&Prime; _builder_version=\u00a0\u00bb4.9.4&Prime; _module_preset=\u00a0\u00bbdefault\u00a0\u00bb][\/et_pb_image][\/et_pb_column][et_pb_column type=\u00a0\u00bb1_2&Prime; _builder_version=\u00a0\u00bb4.9.4&Prime; _module_preset=\u00a0\u00bbdefault\u00a0\u00bb][et_pb_text _builder_version=\u00a0\u00bb4.9.4&Prime; _module_preset=\u00a0\u00bbdefault\u00a0\u00bb]<\/p>\n<h3>SOPHROLOGIE ASSO 76-27 sera pr\u00e9sente sur le Forum des Assos de la ville de Rouen le samedi 10 septembre 2022.<\/h3>\n<h3>Venez nous rencontrer, nous retrouver sur le STAND 56. Notre sophrologue, notre tr\u00e9sori\u00e8re et des adh\u00e9rents de l&rsquo;association seront pr\u00e9sents pour \u00e9changer avec vous.<\/h3>\n<p>[\/et_pb_text][\/et_pb_column][\/et_pb_row][et_pb_row column_structure=\u00a0\u00bb1_3,2_3&Prime; _builder_version=\u00a0\u00bb4.9.4&Prime; _module_preset=\u00a0\u00bbdefault\u00a0\u00bb][et_pb_column type=\u00a0\u00bb1_3&Prime; _builder_version=\u00a0\u00bb4.9.4&Prime; _module_preset=\u00a0\u00bbdefault\u00a0\u00bb][et_pb_image src=\u00a0\u00bbhttps:\/\/linemagnen.com\/wp-content\/uploads\/2022\/06\/1645641269762blob.png\u00a0\u00bb title_text=\u00a0\u00bb1645641269762blob\u00a0\u00bb _builder_version=\u00a0\u00bb4.9.4&Prime; _module_preset=\u00a0\u00bbdefault\u00a0\u00bb min_height=\u00a0\u00bb145px\u00a0\u00bb custom_padding=\u00a0\u00bb|145px||||\u00a0\u00bb][\/et_pb_image][\/et_pb_column][et_pb_column type=\u00a0\u00bb2_3&Prime; _builder_version=\u00a0\u00bb4.9.4&Prime; _module_preset=\u00a0\u00bbdefault\u00a0\u00bb][et_pb_text _builder_version=\u00a0\u00bb4.9.4&Prime; _module_preset=\u00a0\u00bbdefault\u00a0\u00bb]<\/p>\n<p>&nbsp;<\/p>\n<p>&nbsp;<\/p>\n<p><strong>Une s\u00e9ance d\u00e9couverte de la sophrologie propos\u00e9e aux adh\u00e9rents de l&rsquo;association Jing Li de Rouen<\/strong> le jeudi 16 juin 2022 <strong>avant leur s\u00e9ance de Qi gong sant\u00e9<\/strong>. Une bonne id\u00e9e pour vivre encore mieux le fait de se centrer sur soi et de vivre plus intens\u00e9ment encore les sensations durant la s\u00e9ance de Qi gong pr\u00e9vue apr\u00e8s cet atelier sophro. Merci de cette collaboration avec l&rsquo;association Jing Li.<\/p>\n<p>[\/et_pb_text][\/et_pb_column][\/et_pb_row][et_pb_row column_structure=\u00a0\u00bb1_4,1_4,1_4,1_4&Prime; _builder_version=\u00a0\u00bb4.9.4&Prime; _module_preset=\u00a0\u00bbdefault\u00a0\u00bb][et_pb_column type=\u00a0\u00bb1_4&Prime; _builder_version=\u00a0\u00bb4.9.4&Prime; _module_preset=\u00a0\u00bbdefault\u00a0\u00bb][et_pb_text _builder_version=\u00a0\u00bb4.9.4&Prime; _module_preset=\u00a0\u00bbdefault\u00a0\u00bb]<\/p>\n<h5 style=\"text-align: center;\"><\/h5>\n<h4 style=\"text-align: justify;\">Les groupes d&rsquo;adh\u00e9rents de SOPHROLOGIE ASSO 76\/27 ont pu profiter d&rsquo;une <strong>s\u00e9ance de sophrologie en ext\u00e9rieur pour terminer la saison 2021\/2022<\/strong> &#8230; et d&rsquo;un moment convivial autour d&rsquo;un d\u00eener partag\u00e9.<\/h4>\n<p>[\/et_pb_text][\/et_pb_column][et_pb_column type=\u00a0\u00bb1_4&Prime; _builder_version=\u00a0\u00bb4.9.4&Prime; _module_preset=\u00a0\u00bbdefault\u00a0\u00bb][et_pb_image src=\u00a0\u00bbhttps:\/\/linemagnen.com\/wp-content\/uploads\/2022\/06\/istockphoto-463278593-612&#215;612-1.jpg\u00a0\u00bb title_text=\u00a0\u00bbBeautiful woman enjoying the light of a summer sunset\u00a0\u00bb _builder_version=\u00a0\u00bb4.9.4&Prime; _module_preset=\u00a0\u00bbdefault\u00a0\u00bb][\/et_pb_image][\/et_pb_column][et_pb_column type=\u00a0\u00bb1_4&Prime; _builder_version=\u00a0\u00bb4.9.4&Prime; _module_preset=\u00a0\u00bbdefault\u00a0\u00bb][et_pb_text _builder_version=\u00a0\u00bb4.9.4&Prime; _module_preset=\u00a0\u00bbdefault\u00a0\u00bb]<\/p>\n<h5 style=\"text-align: justify;\"><\/h5>\n<h5 style=\"text-align: justify;\"><\/h5>\n<h5 style=\"text-align: justify;\"><\/h5>\n<h5 style=\"text-align: justify;\"><\/h5>\n<h5 style=\"text-align: justify;\"><strong>Une s\u00e9ance en ext\u00e9rieur autour d&rsquo;un lac pour les participants du groupe de Buchy<\/strong>. Un moment rempli de sensations, de perceptions, de contemplations, de retour \u00e0 soi.\u00a0\u00a0<\/h5>\n<p>[\/et_pb_text][\/et_pb_column][et_pb_column type=\u00a0\u00bb1_4&Prime; _builder_version=\u00a0\u00bb4.9.4&Prime; _module_preset=\u00a0\u00bbdefault\u00a0\u00bb][et_pb_text _builder_version=\u00a0\u00bb4.9.4&Prime; _module_preset=\u00a0\u00bbdefault\u00a0\u00bb]<\/p>\n<h4 style=\"text-align: center;\"><\/h4>\n<h4 style=\"text-align: justify;\"><\/h4>\n<h4 style=\"text-align: center;\"><strong>AU PLAISIR DE VOUS RETROUVER DES LA RENTREE 2022\/2023 POUR CONTINUER A VIVRE DE BEAUX MOMENTS ACCOMPAGNES PAR LA SOPHROLOGIE<\/strong><\/h4>\n<p>[\/et_pb_text][\/et_pb_column][\/et_pb_row][et_pb_row column_structure=\u00a0\u00bb1_4,1_2,1_4&Prime; _builder_version=\u00a0\u00bb4.9.4&Prime; _module_preset=\u00a0\u00bbdefault\u00a0\u00bb custom_margin=\u00a0\u00bb|auto|-5px|auto||\u00a0\u00bb][et_pb_column type=\u00a0\u00bb1_4&Prime; _builder_version=\u00a0\u00bb4.9.4&Prime; _module_preset=\u00a0\u00bbdefault\u00a0\u00bb][et_pb_image src=\u00a0\u00bbhttps:\/\/linemagnen.com\/wp-content\/uploads\/2022\/05\/image001-2.png\u00a0\u00bb title_text=\u00a0\u00bbimage001 (2)\u00a0\u00bb _builder_version=\u00a0\u00bb4.9.4&Prime; _module_preset=\u00a0\u00bbdefault\u00a0\u00bb min_height=\u00a0\u00bb189px\u00a0\u00bb][\/et_pb_image][\/et_pb_column][et_pb_column type=\u00a0\u00bb1_2&Prime; _builder_version=\u00a0\u00bb4.9.4&Prime; _module_preset=\u00a0\u00bbdefault\u00a0\u00bb][et_pb_text _builder_version=\u00a0\u00bb4.9.4&Prime; _module_preset=\u00a0\u00bbdefault\u00a0\u00bb]<\/p>\n<h2 style=\"text-align: center;\"><strong>Des s\u00e9ances de sophrologie au sein de l&rsquo;ASDA 76<\/strong><\/h2>\n<h3 style=\"text-align: center;\">Une parenth\u00e8se sophro sur le temps de la pause m\u00e9ridienne pour prendre un temps pour soi et apprivoiser le stress<\/h3>\n<h3 style=\"text-align: center;\">Programme organis\u00e9 en groupe et en distanciel<\/h3>\n<h3 style=\"text-align: center;\">de avril \u00e0 juin 2022\u00a0<\/h3>\n<p>[\/et_pb_text][\/et_pb_column][et_pb_column type=\u00a0\u00bb1_4&Prime; _builder_version=\u00a0\u00bb4.9.4&Prime; _module_preset=\u00a0\u00bbdefault\u00a0\u00bb][et_pb_image src=\u00a0\u00bbhttps:\/\/linemagnen.com\/wp-content\/uploads\/2022\/05\/image002.jpg\u00a0\u00bb title_text=\u00a0\u00bbimage002&Prime; _builder_version=\u00a0\u00bb4.9.4&Prime; _module_preset=\u00a0\u00bbdefault\u00a0\u00bb width=\u00a0\u00bb78.2%\u00a0\u00bb min_height=\u00a0\u00bb174px\u00a0\u00bb custom_margin=\u00a0\u00bb||-108px|||\u00a0\u00bb][\/et_pb_image][\/et_pb_column][\/et_pb_row][et_pb_row column_structure=\u00a0\u00bb1_4,3_4&Prime; _builder_version=\u00a0\u00bb4.9.4&Prime; _module_preset=\u00a0\u00bbdefault\u00a0\u00bb][et_pb_column type=\u00a0\u00bb1_4&Prime; _builder_version=\u00a0\u00bb4.9.4&Prime; _module_preset=\u00a0\u00bbdefault\u00a0\u00bb][et_pb_image src=\u00a0\u00bbhttps:\/\/linemagnen.com\/wp-content\/uploads\/2021\/12\/image001-1.png\u00a0\u00bb title_text=\u00a0\u00bbimage001 (1)\u00a0\u00bb _builder_version=\u00a0\u00bb4.9.4&Prime; _module_preset=\u00a0\u00bbdefault\u00a0\u00bb][\/et_pb_image][\/et_pb_column][et_pb_column type=\u00a0\u00bb3_4&Prime; _builder_version=\u00a0\u00bb4.9.4&Prime; _module_preset=\u00a0\u00bbdefault\u00a0\u00bb][et_pb_text _builder_version=\u00a0\u00bb4.9.4&Prime; _module_preset=\u00a0\u00bbdefault\u00a0\u00bb]<\/p>\n<h2 style=\"text-align: center;\"><strong><\/strong><\/h2>\n<h2 style=\"text-align: center;\"><strong><\/strong><\/h2>\n<h2 style=\"text-align: center;\"><strong><\/strong><\/h2>\n<h2 style=\"text-align: center;\"><strong><\/strong><\/h2>\n<h2 style=\"text-align: center;\"><strong><\/strong><\/h2>\n<h2 style=\"text-align: center;\"><strong>De la Sophrologie au CFA de l&rsquo;ASRUC Mont Saint Aignan<\/strong><\/h2>\n<h2 style=\"text-align: center;\"><\/h2>\n<h2 style=\"text-align: center;\">Des s\u00e9ances en groupes pour apprivoiser le stress avant les certifications professionnelles des futurs animateurs, \u00e9ducateurs sportifs et coach sportifs<\/h2>\n<h2 style=\"text-align: center;\">2 groupes les lundis et jeudis de janvier \u00e0 avril 2022\u00a0<\/h2>\n<p>&nbsp;<\/p>\n<p>&nbsp;<\/p>\n<p>[\/et_pb_text][\/et_pb_column][\/et_pb_row][et_pb_row _builder_version=\u00a0\u00bb4.9.4&Prime; _module_preset=\u00a0\u00bbdefault\u00a0\u00bb][et_pb_column type=\u00a0\u00bb4_4&Prime; _builder_version=\u00a0\u00bb4.9.4&Prime; _module_preset=\u00a0\u00bbdefault\u00a0\u00bb][et_pb_text _builder_version=\u00a0\u00bb4.9.4&Prime; _module_preset=\u00a0\u00bbdefault\u00a0\u00bb]<\/p>\n<h2 style=\"text-align: center;\"><strong>MES PROGRAMMES SOPHRO-RELAX<\/strong><\/h2>\n<p>[\/et_pb_text][\/et_pb_column][\/et_pb_row][et_pb_row column_structure=\u00a0\u00bb1_3,1_3,1_3&Prime; _builder_version=\u00a0\u00bb4.9.4&Prime; _module_preset=\u00a0\u00bbdefault\u00a0\u00bb][et_pb_column type=\u00a0\u00bb1_3&Prime; _builder_version=\u00a0\u00bb4.9.4&Prime; _module_preset=\u00a0\u00bbdefault\u00a0\u00bb][et_pb_text _builder_version=\u00a0\u00bb4.9.4&Prime; _module_preset=\u00a0\u00bbdefault\u00a0\u00bb]<\/p>\n<h3 style=\"text-align: center;\"><strong>\u00a0 \u00a0 \u00a0 MARDIS 16 &#8211; 30 NOVEMBRE\u00a0 \u00a0 \u00a0 \u00a0 \u00a0 \u00a0 \u00a0ET 14 DECEMBRE 2021\u00a0 \u00a0 \u00a0 \u00a0 \u00a0 \u00a0 \u00a0 de 18H45 \u00e0 19H45<\/strong><\/h3>\n<h4 style=\"text-align: center;\">Maison de quartier Ile Lacroix<\/h4>\n<h4 style=\"text-align: center;\">\u00a0 \u00a0 \u00a0 \u00a0Avenue Jacques Chastellain\u00a0 \u00a0 \u00a0 \u00a0 \u00a0 76000 ROUEN<\/h4>\n<p>&nbsp;<\/p>\n<h3 style=\"text-align: center;\"><\/h3>\n<p>&nbsp;<\/p>\n<h3 style=\"text-align: center;\"><\/h3>\n<p>[\/et_pb_text][\/et_pb_column][et_pb_column type=\u00a0\u00bb1_3&Prime; _builder_version=\u00a0\u00bb4.9.4&Prime; _module_preset=\u00a0\u00bbdefault\u00a0\u00bb][et_pb_image src=\u00a0\u00bbhttps:\/\/linemagnen.com\/wp-content\/uploads\/2020\/04\/relax-4292062_960_720.jpg\u00a0\u00bb title_text=\u00a0\u00bbrelax-4292062_960_720&Prime; _builder_version=\u00a0\u00bb4.9.4&Prime; _module_preset=\u00a0\u00bbdefault\u00a0\u00bb][\/et_pb_image][\/et_pb_column][et_pb_column type=\u00a0\u00bb1_3&Prime; _builder_version=\u00a0\u00bb4.9.4&Prime; _module_preset=\u00a0\u00bbdefault\u00a0\u00bb][et_pb_text _builder_version=\u00a0\u00bb4.9.4&Prime; _module_preset=\u00a0\u00bbdefault\u00a0\u00bb]<\/p>\n<h3 style=\"text-align: center;\"><strong><\/strong><\/h3>\n<h3 style=\"text-align: center;\"><strong><\/strong><\/h3>\n<h3 style=\"text-align: center;\"><strong><\/strong><\/h3>\n<h3 style=\"text-align: center;\"><strong>JEUDI 2-9-16 DECEMBRE 2021 de 17H15 \u00e0 18H15<\/strong><\/h3>\n<h3 style=\"text-align: center;\">Maison de quartier Saint Nicaise\u00a0 \u00a0 \u00a0 \u00a0 \u00a0 \u00a018 rue Poussin\u00a0 \u00a0 \u00a0 \u00a076000Rouen<\/h3>\n<p>&nbsp;<\/p>\n<h3 style=\"text-align: center;\"><\/h3>\n<p>[\/et_pb_text][\/et_pb_column][\/et_pb_row][et_pb_row column_structure=\u00a0\u00bb1_4,1_4,1_4,1_4&Prime; _builder_version=\u00a0\u00bb4.4.0&Prime;][et_pb_column type=\u00a0\u00bb1_4&Prime; _builder_version=\u00a0\u00bb4.4.0&Prime;][et_pb_image src=\u00a0\u00bbhttps:\/\/linemagnen.com\/wp-content\/uploads\/2020\/04\/relax-4292062_960_720.jpg\u00a0\u00bb title_text=\u00a0\u00bbrelax-4292062_960_720&Prime; _builder_version=\u00a0\u00bb4.9.4&Prime; _module_preset=\u00a0\u00bbdefault\u00a0\u00bb][\/et_pb_image][\/et_pb_column][et_pb_column type=\u00a0\u00bb1_4&Prime; _builder_version=\u00a0\u00bb4.4.0&Prime;][et_pb_text _builder_version=\u00a0\u00bb4.9.4&Prime; _module_preset=\u00a0\u00bbdefault\u00a0\u00bb]<\/p>\n<h3 style=\"text-align: center;\"><strong>PROGRAMME SOPHRO-RELAX<\/strong><\/h3>\n<h4 style=\"text-align: center;\"><strong>3 s\u00e9ances sophro <\/strong><strong><\/strong><\/h4>\n<h4 style=\"text-align: center;\"><strong>jeudis 7 &#8211; 14 &#8211; 21 octobre 2021 de 17h15 \u00e0 18h15<\/strong><\/h4>\n<h5 style=\"text-align: center;\">Maison de Quartier St Nicaise<\/h5>\n<h5 style=\"text-align: center;\">18 rue Poussin 76000 Rouen<\/h5>\n<p>[\/et_pb_text][\/et_pb_column][et_pb_column type=\u00a0\u00bb1_4&Prime; _builder_version=\u00a0\u00bb4.4.0&Prime;][et_pb_image src=\u00a0\u00bbhttps:\/\/linemagnen.com\/wp-content\/uploads\/2021\/09\/pause-scaled.jpg\u00a0\u00bb title_text=\u00a0\u00bbpause\u00a0\u00bb _builder_version=\u00a0\u00bb4.9.4&Prime; _module_preset=\u00a0\u00bbdefault\u00a0\u00bb][\/et_pb_image][\/et_pb_column][et_pb_column type=\u00a0\u00bb1_4&Prime; _builder_version=\u00a0\u00bb4.4.0&Prime;][et_pb_text _builder_version=\u00a0\u00bb4.9.4&Prime; _module_preset=\u00a0\u00bbdefault\u00a0\u00bb]<\/p>\n<h4 style=\"text-align: center;\"><strong>Une pause le week-end<\/strong><strong><\/strong><\/h4>\n<h3 style=\"text-align: center;\"><strong>DECOUVERTE DE LA SOPHROLOGIE<\/strong><\/h3>\n<h4 style=\"text-align: center;\"><strong>Stage de 2 heures<\/strong><\/h4>\n<h4 style=\"text-align: center;\">25 euros\u00a0<\/h4>\n<p><strong><\/strong><\/p>\n<h6 style=\"text-align: center;\"><strong style=\"font-size: 18px;\">DIMANCHE 17\/10\/2021<\/strong><\/h6>\n<h6 style=\"text-align: center;\"><strong style=\"font-size: 18px;\">de 9H30 \u00e0 11H30<\/strong><\/h6>\n<h6 style=\"text-align: center;\">Maison de quartier St Nicaise<\/h6>\n<h6 style=\"text-align: center;\">18 rue Poussin 76000 Rouen<\/h6>\n<p>&nbsp;<\/p>\n<p><strong style=\"font-size: 18px;\"><\/strong><\/p>\n<p><strong style=\"font-size: 18px;\"><\/strong><\/p>\n<h3 style=\"text-align: center;\"><\/h3>\n<p>[\/et_pb_text][\/et_pb_column][\/et_pb_row][et_pb_row column_structure=\u00a0\u00bb1_2,1_2&Prime; _builder_version=\u00a0\u00bb4.9.4&Prime; _module_preset=\u00a0\u00bbdefault\u00a0\u00bb][et_pb_column type=\u00a0\u00bb1_2&Prime; _builder_version=\u00a0\u00bb4.9.4&Prime; _module_preset=\u00a0\u00bbdefault\u00a0\u00bb][et_pb_image src=\u00a0\u00bbhttps:\/\/linemagnen.com\/wp-content\/uploads\/2021\/10\/Affiche-1-pdf.jpg\u00a0\u00bb title_text=\u00a0\u00bbAffiche (1)\u00a0\u00bb _builder_version=\u00a0\u00bb4.9.4&Prime; _module_preset=\u00a0\u00bbdefault\u00a0\u00bb][\/et_pb_image][\/et_pb_column][et_pb_column type=\u00a0\u00bb1_2&Prime; _builder_version=\u00a0\u00bb4.9.4&Prime; _module_preset=\u00a0\u00bbdefault\u00a0\u00bb][et_pb_text _builder_version=\u00a0\u00bb4.9.4&Prime; _module_preset=\u00a0\u00bbdefault\u00a0\u00bb]<\/p>\n<h2 style=\"text-align: center;\"><strong><\/strong><\/h2>\n<h2 style=\"text-align: center;\"><strong><\/strong><\/h2>\n<h2 style=\"text-align: center;\"><strong><\/strong><\/h2>\n<h2 style=\"text-align: center;\"><strong><\/strong><\/h2>\n<h2 style=\"text-align: center;\"><strong><\/strong><\/h2>\n<h2 style=\"text-align: center;\"><strong><\/strong><\/h2>\n<h2 style=\"text-align: center;\"><strong><\/strong><\/h2>\n<h2 style=\"text-align: center;\"><strong><\/strong><\/h2>\n<h2 style=\"text-align: center;\"><strong><\/strong><\/h2>\n<h2 style=\"text-align: center;\"><strong><\/strong><\/h2>\n<h2 style=\"text-align: center;\"><strong><\/strong><\/h2>\n<h2 style=\"text-align: center;\"><strong><\/strong><\/h2>\n<h2 style=\"text-align: center;\"><strong><\/strong><\/h2>\n<h2 style=\"text-align: center;\"><strong><\/strong><\/h2>\n<h2 style=\"text-align: center;\"><strong><\/strong><\/h2>\n<h2 style=\"text-align: center;\"><strong><\/strong><\/h2>\n<h2 style=\"text-align: center;\"><strong>Ateliers de sophrologie dans le cadre de\u00a0 la journ\u00e9e des Aidants au CHU de Rouen<\/strong><\/h2>\n<p><strong><\/strong><\/p>\n<p><strong><\/strong><\/p>\n<p><strong><\/strong><\/p>\n<p><strong><\/strong><\/p>\n<h2 style=\"text-align: center;\"><strong>Animation de s\u00e9ances collectives de sophrologie sur le site de Charles Nicolle aupr\u00e8s des aidants qui souhaitent d\u00e9couvrir les bienfaits de la sophrologie<\/strong><\/h2>\n<p><strong><\/strong><\/p>\n<p><strong><\/strong><\/p>\n<p><strong><\/strong><\/p>\n<h3 style=\"text-align: center;\">Merci au CHU de Rouen de me faire confiance pour animer les ateliers de sophrologie au sein de l&rsquo;\u00e9tablissement.<\/h3>\n<p>[\/et_pb_text][\/et_pb_column][\/et_pb_row][et_pb_row column_structure=\u00a0\u00bb1_3,1_3,1_3&Prime; _builder_version=\u00a0\u00bb4.9.4&Prime; _module_preset=\u00a0\u00bbdefault\u00a0\u00bb][et_pb_column type=\u00a0\u00bb1_3&Prime; _builder_version=\u00a0\u00bb4.9.4&Prime; _module_preset=\u00a0\u00bbdefault\u00a0\u00bb][et_pb_image src=\u00a0\u00bbhttps:\/\/linemagnen.com\/wp-content\/uploads\/2021\/09\/facebook_1624266014894_6812665443335397949_837104900098634.jpg\u00a0\u00bb title_text=\u00a0\u00bbfacebook_1624266014894_6812665443335397949_837104900098634&Prime; _builder_version=\u00a0\u00bb4.9.4&Prime; _module_preset=\u00a0\u00bbdefault\u00a0\u00bb][\/et_pb_image][\/et_pb_column][et_pb_column type=\u00a0\u00bb1_3&Prime; _builder_version=\u00a0\u00bb4.9.4&Prime; _module_preset=\u00a0\u00bbdefault\u00a0\u00bb][et_pb_text _builder_version=\u00a0\u00bb4.9.4&Prime; _module_preset=\u00a0\u00bbdefault\u00a0\u00bb]<\/p>\n<h3 style=\"text-align: center;\"><strong><\/strong><\/h3>\n<h3 style=\"text-align: center;\"><strong><\/strong><\/h3>\n<h3 style=\"text-align: center;\"><strong>PROGRAMME DE SOPHROLOGIE ET MEDITATION ENFANTS<\/strong><\/h3>\n<p><strong><\/strong><\/p>\n<h3 style=\"text-align: center;\"><\/h3>\n<h3 style=\"text-align: center;\"><\/h3>\n<h3 style=\"text-align: center;\">LE 1er PROGRAMME DEBUTE EN OCTOBRE 2021 AUPRES D&rsquo;ELEVES D&rsquo;UNE CLASSE DE CE1\/CE2<\/h3>\n<p>&nbsp;<\/p>\n<p>&nbsp;<\/p>\n<p><strong><\/strong><\/p>\n<p><strong><\/strong><\/p>\n<p><strong><\/strong><\/p>\n<p>[\/et_pb_text][\/et_pb_column][et_pb_column type=\u00a0\u00bb1_3&Prime; _builder_version=\u00a0\u00bb4.9.4&Prime; _module_preset=\u00a0\u00bbdefault\u00a0\u00bb][et_pb_image src=\u00a0\u00bbhttps:\/\/linemagnen.com\/wp-content\/uploads\/2020\/03\/IMG_0177-web-1-768&#215;512-1.jpg\u00a0\u00bb title_text=\u00a0\u00bbIMG_0177-web-1-768&#215;512&Prime; _builder_version=\u00a0\u00bb4.9.4&Prime; _module_preset=\u00a0\u00bbdefault\u00a0\u00bb][\/et_pb_image][\/et_pb_column][\/et_pb_row][et_pb_row column_structure=\u00a0\u00bb1_2,1_2&Prime; _builder_version=\u00a0\u00bb4.9.4&Prime; _module_preset=\u00a0\u00bbdefault\u00a0\u00bb][et_pb_column type=\u00a0\u00bb1_2&Prime; _builder_version=\u00a0\u00bb4.9.4&Prime; _module_preset=\u00a0\u00bbdefault\u00a0\u00bb][et_pb_text _builder_version=\u00a0\u00bb4.9.4&Prime; _module_preset=\u00a0\u00bbdefault\u00a0\u00bb]<\/p>\n<h2 style=\"text-align: center;\"><strong><\/strong><\/h2>\n<h2 style=\"text-align: center;\"><strong>Ateliers de sophrologie\u00a0<\/strong><strong><\/strong><\/h2>\n<p><strong><\/strong><\/p>\n<h3 style=\"text-align: center;\"><strong>1\u00e8re s\u00e9ance collective de sophrologie pour les adh\u00e9rents de <\/strong><strong style=\"font-size: 22px;\">APF FRANCE HANDICAP 76<\/strong><\/h3>\n<h3 style=\"text-align: center;\"><strong style=\"font-size: 22px;\">le mardi 5 octobre 2021 \u00e0 15h15 sur le site du SAMSAH-SAVS de Mont Saint Aignan<\/strong><\/h3>\n<p><strong style=\"font-size: 22px;\"><\/strong><\/p>\n<p><strong><\/strong><\/p>\n<p>[\/et_pb_text][\/et_pb_column][et_pb_column type=\u00a0\u00bb1_2&Prime; _builder_version=\u00a0\u00bb4.9.4&Prime; _module_preset=\u00a0\u00bbdefault\u00a0\u00bb][et_pb_image src=\u00a0\u00bbhttps:\/\/linemagnen.com\/wp-content\/uploads\/2021\/08\/image009.jpg\u00a0\u00bb title_text=\u00a0\u00bbimage009&Prime; _builder_version=\u00a0\u00bb4.9.4&Prime; _module_preset=\u00a0\u00bbdefault\u00a0\u00bb][\/et_pb_image][\/et_pb_column][\/et_pb_row][et_pb_row column_structure=\u00a0\u00bb1_2,1_2&Prime; _builder_version=\u00a0\u00bb4.9.4&Prime; _module_preset=\u00a0\u00bbdefault\u00a0\u00bb][et_pb_column type=\u00a0\u00bb1_2&Prime; _builder_version=\u00a0\u00bb4.9.4&Prime; _module_preset=\u00a0\u00bbdefault\u00a0\u00bb][et_pb_image src=\u00a0\u00bbhttps:\/\/linemagnen.com\/wp-content\/uploads\/2020\/08\/20200111_1353071-scaled.jpg\u00a0\u00bb title_text=\u00a0\u00bb20200111_135307%911%93&Prime; _builder_version=\u00a0\u00bb4.9.4&Prime; _module_preset=\u00a0\u00bbdefault\u00a0\u00bb][\/et_pb_image][\/et_pb_column][et_pb_column type=\u00a0\u00bb1_2&Prime; _builder_version=\u00a0\u00bb4.9.4&Prime; _module_preset=\u00a0\u00bbdefault\u00a0\u00bb][et_pb_text _builder_version=\u00a0\u00bb4.9.4&Prime; _module_preset=\u00a0\u00bbdefault\u00a0\u00bb]<\/p>\n<h2 style=\"text-align: center;\"><strong><\/strong><\/h2>\n<h2 style=\"text-align: center;\"><strong><\/strong><\/h2>\n<h2 style=\"text-align: center;\"><strong><\/strong><\/h2>\n<h2 style=\"text-align: center;\"><strong><\/strong><\/h2>\n<h2 style=\"text-align: center;\"><strong style=\"font-size: 26px;\">A partir du 2 octobre 2021<\/strong><strong><\/strong><\/h2>\n<p><strong><\/strong><\/p>\n<p><strong><\/strong><\/p>\n<h2 style=\"text-align: center;\"><strong>ATELIER DE SOPHROLOGIE<\/strong><\/h2>\n<p><strong><\/strong><\/p>\n<p><strong><\/strong><\/p>\n<h3 style=\"text-align: center;\"><\/h3>\n<h3 style=\"text-align: center;\"><strong>SEANCES DE SOPHROLOGIE EN GROUPE<\/strong><\/h3>\n<p><strong><\/strong><\/p>\n<p>&nbsp;<\/p>\n<h3 style=\"text-align: center;\"><strong>LE SAMEDI DE 14H A 15H<\/strong><\/h3>\n<p><strong><\/strong><\/p>\n<h3 style=\"text-align: center;\">2 SEANCES PAR MOIS\u00a0<\/h3>\n<p><strong><\/strong><\/p>\n<p><strong><\/strong><\/p>\n<p><strong><\/strong><\/p>\n<h3 style=\"text-align: center;\">SAISON 2021\/2022<\/h3>\n<p>&nbsp;<\/p>\n<p>&nbsp;<\/p>\n<h3 style=\"text-align: center;\"><\/h3>\n<h3 style=\"text-align: center;\"><strong>56 RUE DES HALLES<\/strong><\/h3>\n<h3 style=\"text-align: center;\"><strong>76750 BUCHY<\/strong><\/h3>\n<h3 style=\"text-align: center;\"><\/h3>\n<p>[\/et_pb_text][\/et_pb_column][\/et_pb_row][et_pb_row column_structure=\u00a0\u00bb1_2,1_2&Prime; _builder_version=\u00a0\u00bb4.9.4&Prime; _module_preset=\u00a0\u00bbdefault\u00a0\u00bb][et_pb_column type=\u00a0\u00bb1_2&Prime; _builder_version=\u00a0\u00bb4.9.4&Prime; _module_preset=\u00a0\u00bbdefault\u00a0\u00bb][et_pb_text _builder_version=\u00a0\u00bb4.9.4&Prime; _module_preset=\u00a0\u00bbdefault\u00a0\u00bb width=\u00a0\u00bb89%\u00a0\u00bb custom_margin=\u00a0\u00bb|||112px||\u00a0\u00bb custom_padding=\u00a0\u00bb|||0px||\u00a0\u00bb]<\/p>\n<h2 style=\"text-align: center;\"><strong>\u00a0 <\/strong><strong>Ateliers de sophrologie en groupe sur Rouen<\/strong><\/h2>\n<h4 style=\"text-align: center;\">en collaboration avec SOPHROLOGIE ASSO 76-27<\/h4>\n<h3 style=\"text-align: center;\"><strong>\u00a0 \u00a0 \u00a0 \u00a0 \u00a0 \u00a0Maison de quartier Ile Lacroix\u00a0 \u00a0 \u00a0 \u00a0 \u00a0 \u00a0 \u00a0 le mardi de 18h45 \u00e0 19h45<\/strong><\/h3>\n<p style=\"text-align: center;\"><strong><\/strong><\/p>\n<h3 style=\"text-align: center;\"><strong>\u00a0 \u00a0 \u00a0 \u00a0 \u00a0Maison de quartier St Nicaise\u00a0 \u00a0 \u00a0 \u00a0 \u00a0 \u00a0 \u00a0 \u00a0le jeudi de 18h45 \u00e0 19h45\u00a0<\/strong><\/h3>\n<h3 style=\"text-align: center;\"><strong>des programmes sophro propos\u00e9s toute l&rsquo;ann\u00e9e les jeudis de 17h \u00e0 18h30 et le dimanche de 9h30 \u00e0 11h30\u00a0<\/strong><\/h3>\n<p><strong><\/strong><\/p>\n<h3 style=\"text-align: justify;\">consulter la page ACTUALITES et les pages Facebook SOPHROLOGIE ASSO 76-27 et Line Magnen sophrologue Rouen\/Buchy<\/h3>\n<p>[\/et_pb_text][\/et_pb_column][et_pb_column type=\u00a0\u00bb1_2&Prime; _builder_version=\u00a0\u00bb4.9.4&Prime; _module_preset=\u00a0\u00bbdefault\u00a0\u00bb][et_pb_image src=\u00a0\u00bbhttps:\/\/linemagnen.com\/wp-content\/uploads\/2020\/09\/safe_image-3.jpg\u00a0\u00bb title_text=\u00a0\u00bbsafe_image (3)\u00a0\u00bb _builder_version=\u00a0\u00bb4.9.4&Prime; _module_preset=\u00a0\u00bbdefault\u00a0\u00bb][\/et_pb_image][\/et_pb_column][\/et_pb_row][et_pb_row column_structure=\u00a0\u00bb1_3,1_3,1_3&Prime; _builder_version=\u00a0\u00bb4.4.0&Prime;][et_pb_column type=\u00a0\u00bb1_3&Prime; _builder_version=\u00a0\u00bb4.4.0&Prime;][et_pb_image src=\u00a0\u00bbhttps:\/\/linemagnen.com\/wp-content\/uploads\/2021\/09\/2021_AFFICHE_A3_PRINT-Pass-1-pdf-734&#215;1024.jpg\u00a0\u00bb title_text=\u00a0\u00bb2021_AFFICHE_A3_PRINT-Pass\u00a0\u00bb _builder_version=\u00a0\u00bb4.9.4&Prime; _module_preset=\u00a0\u00bbdefault\u00a0\u00bb][\/et_pb_image][\/et_pb_column][et_pb_column type=\u00a0\u00bb1_3&Prime; _builder_version=\u00a0\u00bb4.4.0&Prime;][et_pb_text _builder_version=\u00a0\u00bb4.4.0&Prime;]<\/p>\n<h3 style=\"text-align: center;\"><\/h3>\n<h3 style=\"text-align: center;\"><\/h3>\n<h3 style=\"text-align: center;\"><\/h3>\n<h3 style=\"text-align: center;\"><\/h3>\n<h3 style=\"text-align: center;\"><\/h3>\n<h3 style=\"text-align: center;\"><strong>2021 : cette ann\u00e9e encore,\u00a0 \u00a0 \u00a0 \u00a0 \u00a0 \u00a0 \u00a0 \u00a0 \u00a0 \u00a0 \u00a0 \u00a0 \u00a0 \u00a0 \u00a0 \u00a0 \u00a0 \u00a0 \u00a0 \u00a0 \u00a0nous y \u00e9tions&#8230;.\u00a0<\/strong><\/h3>\n<p><strong><\/strong><\/p>\n<p><strong><\/strong><\/p>\n<p><strong><\/strong><\/p>\n<h3 style=\"text-align: center;\"><strong> \u00a0 \u00a0 \u00a0 \u00a0 \u00a0Une belle journ\u00e9e de<\/strong><\/h3>\n<p style=\"text-align: center;\"><strong><\/strong><\/p>\n<h3 style=\"text-align: center;\"><strong> rencontres, d&rsquo;\u00e9changes<\/strong><\/h3>\n<p style=\"text-align: center;\"><strong><\/strong><\/p>\n<h3 style=\"text-align: center;\"><strong>et de partages sur la<\/strong><\/h3>\n<p style=\"text-align: center;\"><strong><\/strong><\/p>\n<h3 style=\"text-align: center;\"><strong>sophrologie dans un cadre<\/strong><\/h3>\n<p style=\"text-align: center;\"><strong><\/strong><\/p>\n<p style=\"text-align: center;\"><strong><\/strong><\/p>\n<h3 style=\"text-align: center;\"><strong>convivial et associatif .\u00a0<\/strong><\/h3>\n<p>[\/et_pb_text][\/et_pb_column][et_pb_column type=\u00a0\u00bb1_3&Prime; _builder_version=\u00a0\u00bb4.4.0&Prime;][et_pb_image src=\u00a0\u00bbhttps:\/\/linemagnen.com\/wp-content\/uploads\/2020\/09\/20200905_134006-scaled.jpg\u00a0\u00bb _builder_version=\u00a0\u00bb4.4.0&Prime;][\/et_pb_image][\/et_pb_column][\/et_pb_row][et_pb_row column_structure=\u00a0\u00bb1_4,1_4,1_4,1_4&Prime; _builder_version=\u00a0\u00bb4.4.0&Prime;][et_pb_column type=\u00a0\u00bb1_4&Prime; _builder_version=\u00a0\u00bb4.4.0&Prime;][et_pb_text _builder_version=\u00a0\u00bb4.4.0&Prime;]<\/p>\n<h1 style=\"text-align: center;\">Une participation remplie d&rsquo;\u00e9motions<\/h1>\n<p>&nbsp;<\/p>\n<h2 style=\"text-align: center;\">MONT SAINT AIGNAN<\/h2>\n<p>&nbsp;<\/p>\n<p>[\/et_pb_text][\/et_pb_column][et_pb_column type=\u00a0\u00bb1_4&Prime; _builder_version=\u00a0\u00bb4.4.0&Prime;][et_pb_image src=\u00a0\u00bbhttp:\/\/linemagnen.com\/wp-content\/uploads\/2020\/03\/P1010955-e1583829273728.jpg\u00a0\u00bb _builder_version=\u00a0\u00bb4.4.0&Prime;][\/et_pb_image][\/et_pb_column][et_pb_column type=\u00a0\u00bb1_4&Prime; _builder_version=\u00a0\u00bb4.4.0&Prime;][et_pb_text _builder_version=\u00a0\u00bb4.9.4&Prime;]<\/p>\n<h1 style=\"text-align: center;\"><\/h1>\n<h1 style=\"text-align: center;\">Le Salon du mieux-\u00eatre 2021 \u00e0 Rouen&#8230; un moment pour d\u00e9couvrir diff\u00e9rentes disciplines \u00ab\u00a0Bien \u00eatre et Mieux \u00eatre\u00a0\u00bb<\/h1>\n<p>&nbsp;<\/p>\n<p>&nbsp;<\/p>\n<p>[\/et_pb_text][\/et_pb_column][et_pb_column type=\u00a0\u00bb1_4&Prime; _builder_version=\u00a0\u00bb4.4.0&Prime;][et_pb_image src=\u00a0\u00bbhttps:\/\/linemagnen.com\/wp-content\/uploads\/2021\/10\/FACILITY-SERVICE-SALON-DU-MIEUX-ETRE-s39_Plan-de-travail-1-pdf.jpg\u00a0\u00bb title_text=\u00a0\u00bbFACILITY-SERVICE-SALON-DU-MIEUX-ETRE-s39_Plan-de-travail-1&Prime; _builder_version=\u00a0\u00bb4.9.4&Prime; _module_preset=\u00a0\u00bbdefault\u00a0\u00bb][\/et_pb_image][\/et_pb_column][\/et_pb_row][\/et_pb_section]<\/p>\n","protected":false},"excerpt":{"rendered":"<p>[et_pb_section fb_built=\u00a0\u00bb1&Prime; _builder_version=\u00a0\u00bb4.4.0&Prime;][et_pb_row _builder_version=\u00a0\u00bb4.9.4&Prime; _module_preset=\u00a0\u00bbdefault\u00a0\u00bb][et_pb_column type=\u00a0\u00bb4_4&Prime; _builder_version=\u00a0\u00bb4.9.4&Prime; _module_preset=\u00a0\u00bbdefault\u00a0\u00bb][et_pb_text _builder_version=\u00a0\u00bb4.9.4&Prime; _module_preset=\u00a0\u00bbdefault\u00a0\u00bb text_text_color=\u00a0\u00bb#0C71C3&Prime;] [\/et_pb_text][\/et_pb_column][\/et_pb_row][et_pb_row _builder_version=\u00a0\u00bb4.9.4&Prime; _module_preset=\u00a0\u00bbdefault\u00a0\u00bb][et_pb_column type=\u00a0\u00bb4_4&Prime; _builder_version=\u00a0\u00bb4.9.4&Prime; _module_preset=\u00a0\u00bbdefault\u00a0\u00bb][et_pb_text _builder_version=\u00a0\u00bb4.9.4&Prime; _module_preset=\u00a0\u00bbdefault\u00a0\u00bb] \u00a0 \u00a0 \u00a0 \u00a0 \u00a0 \u00a0 \u00a0 \u00a0 \u00a0 \u00a0 \u00a0 \u00a0 \u00a0 \u00a0 \u00a0 \u00a0 \u00a0 \u00a0 \u00a0 \u00a0 \u00a0 \u00a0 \u00a0 \u00a0 \u00a0 \u00a0 \u00a0 \u00a0 \u00a0ACTUALITES SOPHROLOGIE ASSO 76-27 ROUEN [\/et_pb_text][\/et_pb_column][\/et_pb_row][et_pb_row _builder_version=\u00a0\u00bb4.9.4&Prime; _module_preset=\u00a0\u00bbdefault\u00a0\u00bb][et_pb_column [&hellip;]<\/p>\n","protected":false},"author":1,"featured_media":0,"parent":0,"menu_order":0,"comment_status":"closed","ping_status":"closed","template":"","meta":{"_et_pb_use_builder":"on","_et_pb_old_content":"<!-- wp:divi\/placeholder \/-->","_et_gb_content_width":""},"_links":{"self":[{"href":"https:\/\/linemagnen.com\/index.php\/wp-json\/wp\/v2\/pages\/62"}],"collection":[{"href":"https:\/\/linemagnen.com\/index.php\/wp-json\/wp\/v2\/pages"}],"about":[{"href":"https:\/\/linemagnen.com\/index.php\/wp-json\/wp\/v2\/types\/page"}],"author":[{"embeddable":true,"href":"https:\/\/linemagnen.com\/index.php\/wp-json\/wp\/v2\/users\/1"}],"replies":[{"embeddable":true,"href":"https:\/\/linemagnen.com\/index.php\/wp-json\/wp\/v2\/comments?post=62"}],"version-history":[{"count":191,"href":"https:\/\/linemagnen.com\/index.php\/wp-json\/wp\/v2\/pages\/62\/revisions"}],"predecessor-version":[{"id":1372,"href":"https:\/\/linemagnen.com\/index.php\/wp-json\/wp\/v2\/pages\/62\/revisions\/1372"}],"wp:attachment":[{"href":"https:\/\/linemagnen.com\/index.php\/wp-json\/wp\/v2\/media?parent=62"}],"curies":[{"name":"wp","href":"https:\/\/api.w.org\/{rel}","templated":true}]}}